{"id":310,"date":"2018-09-05T12:30:20","date_gmt":"2018-09-05T12:30:20","guid":{"rendered":"http:\/\/gitta-m.ch\/neu\/?page_id=310"},"modified":"2022-06-13T21:40:50","modified_gmt":"2022-06-13T19:40:50","slug":"links","status":"publish","type":"page","link":"https:\/\/gitta-m.ch\/neu\/links\/","title":{"rendered":"Links und Dank"},"content":{"rendered":"\t\t<div data-elementor-type=\"wp-post\" data-elementor-id=\"310\" class=\"elementor elementor-310\" data-elementor-post-type=\"page\">\n\t\t\t\t\t\t<section class=\"elementor-section elementor-top-section elementor-element elementor-element-29e6908e elementor-section-stretched elementor-section-content-top elementor-section-boxed elementor-section-height-default elementor-section-height-default\" data-id=\"29e6908e\" data-element_type=\"section\" data-settings=\"{&quot;stretch_section&quot;:&quot;section-stretched&quot;,&quot;background_background&quot;:&quot;gradient&quot;}\">\n\t\t\t\t\t\t\t<div class=\"elementor-background-overlay\"><\/div>\n\t\t\t\t\t\t\t<div class=\"elementor-container elementor-column-gap-default\">\n\t\t\t\t\t<div class=\"elementor-column elementor-col-100 elementor-top-column elementor-element elementor-element-608158d4\" data-id=\"608158d4\" data-element_type=\"column\" data-settings=\"{&quot;background_background&quot;:&quot;classic&quot;}\">\n\t\t\t<div class=\"elementor-widget-wrap elementor-element-populated\">\n\t\t\t\t\t\t<div class=\"elementor-element elementor-element-932211a elementor-widget elementor-widget-global elementor-global-125 elementor-widget-image\" data-id=\"932211a\" data-element_type=\"widget\" data-widget_type=\"image.default\">\n\t\t\t\t<div class=\"elementor-widget-container\">\n\t\t\t\t\t\t\t\t\t\t\t\t\t<img decoding=\"async\" src=\"https:\/\/gitta-m.ch\/neu\/wp-content\/uploads\/2018\/08\/header.jpg\" title=\"header\" alt=\"header\" loading=\"lazy\" \/>\t\t\t\t\t\t\t\t\t\t\t\t\t<\/div>\n\t\t\t\t<\/div>\n\t\t\t\t\t<\/div>\n\t\t<\/div>\n\t\t\t\t\t<\/div>\n\t\t<\/section>\n\t\t\t\t<section class=\"elementor-section elementor-top-section elementor-element elementor-element-98b5e67 elementor-section-boxed elementor-section-height-default elementor-section-height-default\" data-id=\"98b5e67\" data-element_type=\"section\">\n\t\t\t\t\t\t<div class=\"elementor-container elementor-column-gap-default\">\n\t\t\t\t\t<div class=\"elementor-column elementor-col-100 elementor-top-column elementor-element elementor-element-3ff7c950\" data-id=\"3ff7c950\" data-element_type=\"column\">\n\t\t\t<div class=\"elementor-widget-wrap elementor-element-populated\">\n\t\t\t\t\t\t<div class=\"elementor-element elementor-element-2d5c7844 elementor-nav-menu--stretch elementor-nav-menu--dropdown-tablet elementor-nav-menu__text-align-aside elementor-nav-menu--toggle elementor-nav-menu--burger elementor-widget elementor-widget-nav-menu\" data-id=\"2d5c7844\" data-element_type=\"widget\" data-settings=\"{&quot;full_width&quot;:&quot;stretch&quot;,&quot;layout&quot;:&quot;horizontal&quot;,&quot;submenu_icon&quot;:{&quot;value&quot;:&quot;&lt;i class=\\&quot;fas fa-caret-down\\&quot;&gt;&lt;\\\/i&gt;&quot;,&quot;library&quot;:&quot;fa-solid&quot;},&quot;toggle&quot;:&quot;burger&quot;}\" data-widget_type=\"nav-menu.default\">\n\t\t\t\t<div class=\"elementor-widget-container\">\n\t\t\t\t\t\t<nav class=\"elementor-nav-menu--main elementor-nav-menu__container elementor-nav-menu--layout-horizontal e--pointer-background e--animation-fade\">\n\t\t\t\t<ul id=\"menu-1-2d5c7844\" class=\"elementor-nav-menu\"><li class=\"menu-item menu-item-type-custom menu-item-object-custom menu-item-148\"><a href=\"http:\/\/www.gitta-m.ch\/neu\/\" class=\"elementor-item\">Home<\/a><\/li>\n<li class=\"menu-item menu-item-type-custom menu-item-object-custom menu-item-has-children menu-item-417\"><a href=\"https:\/\/gitta-m.ch\/neu\/portrait\" class=\"elementor-item\">Portrait<\/a>\n<ul class=\"sub-menu elementor-nav-menu--dropdown\">\n\t<li class=\"menu-item menu-item-type-post_type menu-item-object-page menu-item-744\"><a href=\"https:\/\/gitta-m.ch\/neu\/empfehlung\/\" class=\"elementor-sub-item\">Empfehlung<\/a><\/li>\n<\/ul>\n<\/li>\n<li class=\"menu-item menu-item-type-custom menu-item-object-custom menu-item-366\"><a href=\"https:\/\/gitta-m.ch\/neu\/auftritte\/\" class=\"elementor-item\">Auftritte<\/a><\/li>\n<li class=\"menu-item menu-item-type-custom menu-item-object-custom menu-item-477\"><a href=\"https:\/\/gitta-m.ch\/neu\/diskographie\/\" class=\"elementor-item\">Diskographie<\/a><\/li>\n<li class=\"menu-item menu-item-type-custom menu-item-object-custom menu-item-480\"><a href=\"https:\/\/gitta-m.ch\/neu\/fotos\/\" class=\"elementor-item\">Fotos<\/a><\/li>\n<li class=\"menu-item menu-item-type-post_type menu-item-object-page menu-item-1126\"><a href=\"https:\/\/gitta-m.ch\/neu\/video\/\" class=\"elementor-item\">Videos<\/a><\/li>\n<li class=\"menu-item menu-item-type-custom menu-item-object-custom menu-item-427\"><a href=\"https:\/\/gitta-m.ch\/neu\/kontakt\" class=\"elementor-item\">Kontakt<\/a><\/li>\n<li class=\"menu-item menu-item-type-custom menu-item-object-custom menu-item-312\"><a href=\"https:\/\/gitta-m.ch\/neu\/links\" class=\"elementor-item\">Links und Dank<\/a><\/li>\n<\/ul>\t\t\t<\/nav>\n\t\t\t\t\t<div class=\"elementor-menu-toggle\" role=\"button\" tabindex=\"0\" aria-label=\"Menu Toggle\" aria-expanded=\"false\">\n\t\t\t<i aria-hidden=\"true\" role=\"presentation\" class=\"elementor-menu-toggle__icon--open eicon-menu-bar\"><\/i><i aria-hidden=\"true\" role=\"presentation\" class=\"elementor-menu-toggle__icon--close eicon-close\"><\/i>\t\t\t<span class=\"elementor-screen-only\">Menu<\/span>\n\t\t<\/div>\n\t\t\t\t\t<nav class=\"elementor-nav-menu--dropdown elementor-nav-menu__container\" aria-hidden=\"true\">\n\t\t\t\t<ul id=\"menu-2-2d5c7844\" class=\"elementor-nav-menu\"><li class=\"menu-item menu-item-type-custom menu-item-object-custom menu-item-148\"><a href=\"http:\/\/www.gitta-m.ch\/neu\/\" class=\"elementor-item\" tabindex=\"-1\">Home<\/a><\/li>\n<li class=\"menu-item menu-item-type-custom menu-item-object-custom menu-item-has-children menu-item-417\"><a href=\"https:\/\/gitta-m.ch\/neu\/portrait\" class=\"elementor-item\" tabindex=\"-1\">Portrait<\/a>\n<ul class=\"sub-menu elementor-nav-menu--dropdown\">\n\t<li class=\"menu-item menu-item-type-post_type menu-item-object-page menu-item-744\"><a href=\"https:\/\/gitta-m.ch\/neu\/empfehlung\/\" class=\"elementor-sub-item\" tabindex=\"-1\">Empfehlung<\/a><\/li>\n<\/ul>\n<\/li>\n<li class=\"menu-item menu-item-type-custom menu-item-object-custom menu-item-366\"><a href=\"https:\/\/gitta-m.ch\/neu\/auftritte\/\" class=\"elementor-item\" tabindex=\"-1\">Auftritte<\/a><\/li>\n<li class=\"menu-item menu-item-type-custom menu-item-object-custom menu-item-477\"><a href=\"https:\/\/gitta-m.ch\/neu\/diskographie\/\" class=\"elementor-item\" tabindex=\"-1\">Diskographie<\/a><\/li>\n<li class=\"menu-item menu-item-type-custom menu-item-object-custom menu-item-480\"><a href=\"https:\/\/gitta-m.ch\/neu\/fotos\/\" class=\"elementor-item\" tabindex=\"-1\">Fotos<\/a><\/li>\n<li class=\"menu-item menu-item-type-post_type menu-item-object-page menu-item-1126\"><a href=\"https:\/\/gitta-m.ch\/neu\/video\/\" class=\"elementor-item\" tabindex=\"-1\">Videos<\/a><\/li>\n<li class=\"menu-item menu-item-type-custom menu-item-object-custom menu-item-427\"><a href=\"https:\/\/gitta-m.ch\/neu\/kontakt\" class=\"elementor-item\" tabindex=\"-1\">Kontakt<\/a><\/li>\n<li class=\"menu-item menu-item-type-custom menu-item-object-custom menu-item-312\"><a href=\"https:\/\/gitta-m.ch\/neu\/links\" class=\"elementor-item\" tabindex=\"-1\">Links und Dank<\/a><\/li>\n<\/ul>\t\t\t<\/nav>\n\t\t\t\t<\/div>\n\t\t\t\t<\/div>\n\t\t\t\t\t<\/div>\n\t\t<\/div>\n\t\t\t\t\t<\/div>\n\t\t<\/section>\n\t\t\t\t<section class=\"elementor-section elementor-top-section elementor-element elementor-element-0501a30 elementor-section-boxed elementor-section-height-default elementor-section-height-default\" data-id=\"0501a30\" data-element_type=\"section\">\n\t\t\t\t\t\t<div class=\"elementor-container elementor-column-gap-default\">\n\t\t\t\t\t<div class=\"elementor-column elementor-col-33 elementor-top-column elementor-element elementor-element-a3a2050\" data-id=\"a3a2050\" data-element_type=\"column\" data-settings=\"{&quot;background_background&quot;:&quot;classic&quot;}\">\n\t\t\t<div class=\"elementor-widget-wrap elementor-element-populated\">\n\t\t\t\t\t\t<div class=\"elementor-element elementor-element-8d9c6f1 elementor-widget elementor-widget-global elementor-global-128 elementor-widget-text-editor\" data-id=\"8d9c6f1\" data-element_type=\"widget\" data-widget_type=\"text-editor.default\">\n\t\t\t\t<div class=\"elementor-widget-container\">\n\t\t\t\t\t\t\t<p><span class=\"fontleft\"><strong>Kontaktdaten<\/strong><br \/>Management Gitta:<br \/>Margarita Moery Fehr<br \/>Thurtalstrasse 34f<br \/>8450 Andelfingen<br \/>Fixnet: 052 305 14 24<br \/>Mobile: 079 612 76 39<br \/><a href=\"mailto:vocal@gitta-m.ch\">vocal@gitta-m.ch<\/a><br \/><a href=\"http:\/\/www.m-moeri.ch\/\" target=\"_blank\" rel=\"noopener\">Website M.Moeri<\/a><\/span><\/p><p><img decoding=\"async\" class=\"alignnone size-full wp-image-237\" src=\"https:\/\/gitta-m.ch\/neu\/wp-content\/uploads\/2018\/08\/margrittli.jpg\" alt=\"\" width=\"180\" height=\"100\" \/><\/p>\t\t\t\t\t\t<\/div>\n\t\t\t\t<\/div>\n\t\t\t\t<div class=\"elementor-element elementor-element-fff0f83 elementor-widget elementor-widget-global elementor-global-608 elementor-widget-heading\" data-id=\"fff0f83\" data-element_type=\"widget\" data-widget_type=\"heading.default\">\n\t\t\t\t<div class=\"elementor-widget-container\">\n\t\t\t<h2 class=\"elementor-heading-title elementor-size-default\">Termine<\/h2>\t\t<\/div>\n\t\t\t\t<\/div>\n\t\t\t\t<div class=\"elementor-element elementor-element-585bb70 elementor-hidden-phone elementor-widget elementor-widget-global elementor-global-332 elementor-widget-text-editor\" data-id=\"585bb70\" data-element_type=\"widget\" data-widget_type=\"text-editor.default\">\n\t\t\t\t<div class=\"elementor-widget-container\">\n\t\t\t\t\t\t\t<p>Temple Del\u00e9mont<br \/><strong>24. Aout, 10:00 h<\/strong><br \/>Culte Bilingue et Musicale<br \/>Pasteur John Ebbutt<br \/>Accomp. par le Trio &#171;AlpenXang&#187;<\/p><p>Culte a l\u2019\u00e9glise reform\u00e9e du Jura \u201cTemple\u201d Del\u00e9mont<strong><br \/>25.8.2024 10:00 h <\/strong>La Group Yodleuse \u00abAlpenXang\u00bb de Gitta Moeri<\/p><p><strong>29.10.2023 19.30 h <\/strong>Abendgottesdienst Gerlikon \/ Frauenfeld Jodelterzett<\/p><p><strong>03.09.2023\u00a011:00h<\/strong> Gottesdienst La Jocotterie, Undervelier, JU<\/p><p><strong>05.03.2023<\/strong>\u00a015:00 Tag der Kranken \u00abLa Residence\u00bb Schaffhausen<\/p><p><strong>26.04.2023<\/strong>\u00a014.30h Mittwoch Geburtstagsmusik\u00a0Wohn- und Pflegezentrum Eschlikon<br \/>Bethesda Alterszentren AG, Kapellstrasse 10, 8360 Eschlikon<\/p><p><strong>\u00a0<\/strong><strong>24.12. 2021\u00a0 22.30<\/strong> Mitternachtsgottesdienst, Ellikon an der Thur, Sologesang und Orgel<\/p><p><strong>\u200b29.11.2020<\/strong> evangelische Kirche Gachnang, Gottesdienst Installation Pfrn. S. Sch\u00fctz und Pfr. D. Oestermann FrauenART<\/p><p><strong>27.09.2020<\/strong> evangelische Kirche Gachnang, Spezieller Gottesdienst Verabschiedung Christian Herrmann und Ruth Schaer, Ensemble Gachnang<\/p>\t\t\t\t\t\t<\/div>\n\t\t\t\t<\/div>\n\t\t\t\t<div class=\"elementor-element elementor-element-e2586bc elementor-hidden-tablet elementor-hidden-phone elementor-widget elementor-widget-spacer\" data-id=\"e2586bc\" data-element_type=\"widget\" data-widget_type=\"spacer.default\">\n\t\t\t\t<div class=\"elementor-widget-container\">\n\t\t\t\t\t<div class=\"elementor-spacer\">\n\t\t\t<div class=\"elementor-spacer-inner\"><\/div>\n\t\t<\/div>\n\t\t\t\t<\/div>\n\t\t\t\t<\/div>\n\t\t\t\t\t<\/div>\n\t\t<\/div>\n\t\t\t\t<div class=\"elementor-column elementor-col-66 elementor-top-column elementor-element elementor-element-25a3577\" data-id=\"25a3577\" data-element_type=\"column\" data-settings=\"{&quot;background_background&quot;:&quot;classic&quot;}\">\n\t\t\t<div class=\"elementor-widget-wrap elementor-element-populated\">\n\t\t\t\t\t<div class=\"elementor-background-overlay\"><\/div>\n\t\t\t\t\t\t<div class=\"elementor-element elementor-element-f5678cd elementor-widget elementor-widget-heading\" data-id=\"f5678cd\" data-element_type=\"widget\" data-widget_type=\"heading.default\">\n\t\t\t\t<div class=\"elementor-widget-container\">\n\t\t\t<h2 class=\"elementor-heading-title elementor-size-large\">Links und Dank<\/h2>\t\t<\/div>\n\t\t\t\t<\/div>\n\t\t\t\t<div class=\"elementor-element elementor-element-e3f0d43 elementor-widget elementor-widget-spacer\" data-id=\"e3f0d43\" data-element_type=\"widget\" data-widget_type=\"spacer.default\">\n\t\t\t\t<div class=\"elementor-widget-container\">\n\t\t\t\t\t<div class=\"elementor-spacer\">\n\t\t\t<div class=\"elementor-spacer-inner\"><\/div>\n\t\t<\/div>\n\t\t\t\t<\/div>\n\t\t\t\t<\/div>\n\t\t\t\t<section class=\"elementor-section elementor-inner-section elementor-element elementor-element-2adf173 elementor-section-boxed elementor-section-height-default elementor-section-height-default\" data-id=\"2adf173\" data-element_type=\"section\">\n\t\t\t\t\t\t<div class=\"elementor-container elementor-column-gap-default\">\n\t\t\t\t\t<div class=\"elementor-column elementor-col-50 elementor-inner-column elementor-element elementor-element-47359a5\" data-id=\"47359a5\" data-element_type=\"column\">\n\t\t\t<div class=\"elementor-widget-wrap elementor-element-populated\">\n\t\t\t\t\t\t<div class=\"elementor-element elementor-element-f347d5a elementor-widget elementor-widget-text-editor\" data-id=\"f347d5a\" data-element_type=\"widget\" data-widget_type=\"text-editor.default\">\n\t\t\t\t<div class=\"elementor-widget-container\">\n\t\t\t\t\t\t\t<p><em>Mein allerherzlichstes Danke geht an alle, die mir mit unentgeltlichen Leistungen, moralischer Unterst\u00fctzung, Anfragen und Auftr\u00e4gen zur Seite stehen und diese Auftritte realisierbar machen. Ohne Euch w\u00e4re alles nicht m\u00f6glich. Ich hoffe, mit meiner Musik Euch damit Freude zu bereiten und den oft nicht einfachen Alltag ein wenig vergessen zu lassen, Erinnerungen zu wecken und einfach Herz und Gem\u00fct zu erfreuen und sch\u00f6ne Stunden geniessen zu lassen.<\/em><\/p>\t\t\t\t\t\t<\/div>\n\t\t\t\t<\/div>\n\t\t\t\t\t<\/div>\n\t\t<\/div>\n\t\t\t\t<div class=\"elementor-column elementor-col-50 elementor-inner-column elementor-element elementor-element-949b148\" data-id=\"949b148\" data-element_type=\"column\">\n\t\t\t<div class=\"elementor-widget-wrap elementor-element-populated\">\n\t\t\t\t\t\t<div class=\"elementor-element elementor-element-9e50339 elementor-widget elementor-widget-text-editor\" data-id=\"9e50339\" data-element_type=\"widget\" data-widget_type=\"text-editor.default\">\n\t\t\t\t<div class=\"elementor-widget-container\">\n\t\t\t\t\t\t\t<h4><a href=\"https:\/\/volksmusik.mx3.ch\/home\/search?q=gitta&amp;\" target=\"_blank\" rel=\"noopener\">mx3.ch<\/a><\/h4><h4><a href=\"http:\/\/www.r-fehrag.ch\" target=\"_blank\" rel=\"noopener\">www.r-fehrag.ch<\/a><\/h4><h4><a href=\"http:\/\/www.babental.ch\" target=\"_blank\" rel=\"noopener\">www.babental.ch<\/a><\/h4><h4><a href=\"http:\/\/www.hardstudios.ch\" target=\"_blank\" rel=\"noopener\">www.hardstudios.ch<\/a><\/h4><h4><a href=\"http:\/\/www.alpenlaendisch.ch\" target=\"_blank\" rel=\"noopener\">www.alpenlaendisch.ch<\/a><\/h4><h4><a href=\"http:\/\/www.huser-records.ch\" target=\"_blank\" rel=\"noopener\">www.huser-records.ch<\/a><\/h4><h4><a href=\"https:\/\/www.radioherzclub.com\/\" target=\"_blank\" rel=\"noopener\">www.radioherzclub.com<\/a><\/h4><h4><a href=\"http:\/\/www.fontastix.ch\" target=\"_blank\" rel=\"noopener\">The Swiss Music Platform<\/a><\/h4><h4><a href=\"http:\/\/www.fontastix.wordpress.com\" target=\"_blank\" rel=\"noopener\">Fontastix-Blog<\/a><\/h4><h4><a href=\"http:\/\/www.m-moeri.ch\" target=\"_blank\" rel=\"noopener\">www.m-moeri.ch<\/a> Margarita Klassik<\/h4><h4><a href=\"http:\/\/www.schwert.ch\" target=\"_blank\" rel=\"noopener\">www.schwert.ch<\/a><\/h4><h4><a href=\"http:\/\/uelis-wunschkonzert.com\/\" target=\"_blank\" rel=\"noopener\">Uelis Wunschkonzert<\/a><\/h4><h4><a href=\"http:\/\/www.aelplibarzueri.ch\" target=\"_blank\" rel=\"noopener\">\u00c4lplibar Z\u00fcri<\/a><\/h4><h4><a href=\"http:\/\/www.elefanten-sounders.ch\/\" target=\"_blank\" rel=\"noopener\">Elefanten-Sounders<\/a><\/h4><h4><a href=\"http:\/\/www.edelweissworld.ch\/\" target=\"_blank\" rel=\"noopener\">www.edelweissworld.ch<\/a><\/h4><h4><a href=\"http:\/\/www.uelisalphornfreunde.ch\/\" target=\"_blank\" rel=\"noopener\">www.uelisalphornfreunde.ch<\/a><\/h4><h4><a href=\"http:\/\/www.die-vier-stadelmusikanten.de.rs\" target=\"_blank\" rel=\"noopener\">www.die-vier-stadelmusikanten<\/a><\/h4><h4>\u00a0<\/h4>\t\t\t\t\t\t<\/div>\n\t\t\t\t<\/div>\n\t\t\t\t<div class=\"elementor-element elementor-element-04617cd elementor-widget elementor-widget-image\" data-id=\"04617cd\" data-element_type=\"widget\" data-widget_type=\"image.default\">\n\t\t\t\t<div class=\"elementor-widget-container\">\n\t\t\t\t\t\t\t\t\t\t\t\t\t\t<a href=\"http:\/\/www.landhausmode-shop.ch\/\" target=\"_blank\">\n\t\t\t\t\t\t\t<img decoding=\"async\" width=\"200\" height=\"130\" src=\"https:\/\/gitta-m.ch\/neu\/wp-content\/uploads\/2018\/09\/landhausmode.gif\" class=\"attachment-large size-large wp-image-316\" alt=\"\" \/>\t\t\t\t\t\t\t\t<\/a>\n\t\t\t\t\t\t\t\t\t\t\t\t\t<\/div>\n\t\t\t\t<\/div>\n\t\t\t\t\t<\/div>\n\t\t<\/div>\n\t\t\t\t\t<\/div>\n\t\t<\/section>\n\t\t\t\t<div class=\"elementor-element elementor-element-a26840b elementor-widget elementor-widget-spacer\" data-id=\"a26840b\" data-element_type=\"widget\" data-widget_type=\"spacer.default\">\n\t\t\t\t<div class=\"elementor-widget-container\">\n\t\t\t\t\t<div class=\"elementor-spacer\">\n\t\t\t<div class=\"elementor-spacer-inner\"><\/div>\n\t\t<\/div>\n\t\t\t\t<\/div>\n\t\t\t\t<\/div>\n\t\t\t\t<div class=\"elementor-element elementor-element-0860c61 elementor-widget elementor-widget-text-editor\" data-id=\"0860c61\" data-element_type=\"widget\" data-widget_type=\"text-editor.default\">\n\t\t\t\t<div class=\"elementor-widget-container\">\n\t\t\t\t\t\t\t<h3><strong>FOTOS<\/strong><\/h3><h3>Frontportrait &amp; Profilbilder Gitta untere Reihe: <a href=\"www.joergkressig.ch\/\" target=\"_blank\" rel=\"noopener\">Joerg Kressig<\/a><\/h3><h3>Profil obere Reihe: <a href=\"http:\/\/www.inspirationbild.ch\/kurt-zuberbuehler\" target=\"_blank\" rel=\"noopener\">Kurt Zuberb\u00fchler<\/a><\/h3><h3>Foto D\u00f6rfli Front: M. Moery<\/h3><h3>Alpen Grand Prix Front: <a href=\"http:\/\/www.ingoroberts.com\/html\/fotografin_elisabeth.html\" target=\"_blank\" rel=\"noopener\">E. Salm<\/a><\/h3>\t\t\t\t\t\t<\/div>\n\t\t\t\t<\/div>\n\t\t\t\t<div class=\"elementor-element elementor-element-914a05f elementor-widget elementor-widget-spacer\" data-id=\"914a05f\" data-element_type=\"widget\" data-widget_type=\"spacer.default\">\n\t\t\t\t<div class=\"elementor-widget-container\">\n\t\t\t\t\t<div class=\"elementor-spacer\">\n\t\t\t<div class=\"elementor-spacer-inner\"><\/div>\n\t\t<\/div>\n\t\t\t\t<\/div>\n\t\t\t\t<\/div>\n\t\t\t\t\t<\/div>\n\t\t<\/div>\n\t\t\t\t\t<\/div>\n\t\t<\/section>\n\t\t\t\t<section class=\"elementor-section elementor-top-section elementor-element elementor-element-62e304b elementor-section-boxed elementor-section-height-default elementor-section-height-default\" data-id=\"62e304b\" data-element_type=\"section\" data-settings=\"{&quot;background_background&quot;:&quot;classic&quot;}\">\n\t\t\t\t\t\t<div class=\"elementor-container elementor-column-gap-default\">\n\t\t\t\t\t<div class=\"elementor-column elementor-col-100 elementor-top-column elementor-element elementor-element-94c0aa3\" data-id=\"94c0aa3\" data-element_type=\"column\">\n\t\t\t<div class=\"elementor-widget-wrap elementor-element-populated\">\n\t\t\t\t\t\t<div class=\"elementor-element elementor-element-b9fbe63 elementor-widget elementor-widget-spacer\" data-id=\"b9fbe63\" data-element_type=\"widget\" data-widget_type=\"spacer.default\">\n\t\t\t\t<div class=\"elementor-widget-container\">\n\t\t\t\t\t<div class=\"elementor-spacer\">\n\t\t\t<div class=\"elementor-spacer-inner\"><\/div>\n\t\t<\/div>\n\t\t\t\t<\/div>\n\t\t\t\t<\/div>\n\t\t\t\t<div class=\"elementor-element elementor-element-b65707b elementor-widget elementor-widget-text-editor\" data-id=\"b65707b\" data-element_type=\"widget\" data-widget_type=\"text-editor.default\">\n\t\t\t\t<div class=\"elementor-widget-container\">\n\t\t\t\t\t\t\t<p>Margarita Moery Fehr &#8211; Thurtalstrasse 34f &#8211; CH-8450 Andelfingen &#8211; <a href=\"mailto:vocal@gitta-m.ch\" target=\"_blank\" rel=\"noopener\">Email<\/a><\/p>\t\t\t\t\t\t<\/div>\n\t\t\t\t<\/div>\n\t\t\t\t\t<\/div>\n\t\t<\/div>\n\t\t\t\t\t<\/div>\n\t\t<\/section>\n\t\t\t\t<\/div>\n\t\t","protected":false},"excerpt":{"rendered":"<p>Kontaktdaten Management Gitta: Margarita Moery Fehr Thurtalstrasse 34f 8450 Andelfingen Fixnet: 052 305 14 24 Mobile: 079 612 76 39 vocal@gitta-m.ch Website M.Moeri Termine 24.12. 2012\u00a0 22.30 Mitternachtsgottesdienst, Ellikon an der Thur, Sologesang und Orgel \u200b29.11.2020 evangelische Kirche Gachnang, Gottesdienst Installation Pfrn. S. Sch\u00fctz und Pfr. D. Oestermann FrauenART 27.09.2020 evangelische Kirche Gachnang, Spezieller Gottesdienst &hellip; <a href=\"https:\/\/gitta-m.ch\/neu\/links\/\" class=\"more-link\"><span class=\"screen-reader-text\">&#8220;Links und Dank&#8221; <\/span>weiterlesen<\/a><\/p>\n","protected":false},"author":1,"featured_media":0,"parent":0,"menu_order":0,"comment_status":"closed","ping_status":"closed","template":"elementor_canvas","meta":{"footnotes":""},"class_list":["post-310","page","type-page","status-publish","hentry"],"_links":{"self":[{"href":"https:\/\/gitta-m.ch\/neu\/wp-json\/wp\/v2\/pages\/310","targetHints":{"allow":["GET"]}}],"collection":[{"href":"https:\/\/gitta-m.ch\/neu\/wp-json\/wp\/v2\/pages"}],"about":[{"href":"https:\/\/gitta-m.ch\/neu\/wp-json\/wp\/v2\/types\/page"}],"author":[{"embeddable":true,"href":"https:\/\/gitta-m.ch\/neu\/wp-json\/wp\/v2\/users\/1"}],"replies":[{"embeddable":true,"href":"https:\/\/gitta-m.ch\/neu\/wp-json\/wp\/v2\/comments?post=310"}],"version-history":[{"count":36,"href":"https:\/\/gitta-m.ch\/neu\/wp-json\/wp\/v2\/pages\/310\/revisions"}],"predecessor-version":[{"id":1063,"href":"https:\/\/gitta-m.ch\/neu\/wp-json\/wp\/v2\/pages\/310\/revisions\/1063"}],"wp:attachment":[{"href":"https:\/\/gitta-m.ch\/neu\/wp-json\/wp\/v2\/media?parent=310"}],"curies":[{"name":"wp","href":"https:\/\/api.w.org\/{rel}","templated":true}]}}