{"id":363,"date":"2018-09-05T13:26:56","date_gmt":"2018-09-05T13:26:56","guid":{"rendered":"http:\/\/gitta-m.ch\/neu\/?page_id=363"},"modified":"2024-04-03T11:37:06","modified_gmt":"2024-04-03T09:37:06","slug":"auftritte","status":"publish","type":"page","link":"https:\/\/gitta-m.ch\/neu\/auftritte\/","title":{"rendered":"Auftritte"},"content":{"rendered":"\t\t<div data-elementor-type=\"wp-post\" data-elementor-id=\"363\" class=\"elementor elementor-363\" data-elementor-post-type=\"page\">\n\t\t\t\t\t\t<section class=\"elementor-section elementor-top-section elementor-element elementor-element-29e6908e elementor-section-stretched elementor-section-content-top elementor-section-boxed elementor-section-height-default elementor-section-height-default\" data-id=\"29e6908e\" data-element_type=\"section\" data-settings=\"{&quot;stretch_section&quot;:&quot;section-stretched&quot;,&quot;background_background&quot;:&quot;gradient&quot;}\">\n\t\t\t\t\t\t\t<div class=\"elementor-background-overlay\"><\/div>\n\t\t\t\t\t\t\t<div class=\"elementor-container elementor-column-gap-default\">\n\t\t\t\t\t<div class=\"elementor-column elementor-col-100 elementor-top-column elementor-element elementor-element-608158d4\" data-id=\"608158d4\" data-element_type=\"column\" data-settings=\"{&quot;background_background&quot;:&quot;classic&quot;}\">\n\t\t\t<div class=\"elementor-widget-wrap elementor-element-populated\">\n\t\t\t\t\t\t<div class=\"elementor-element elementor-element-932211a elementor-widget elementor-widget-global elementor-global-125 elementor-widget-image\" data-id=\"932211a\" data-element_type=\"widget\" data-widget_type=\"image.default\">\n\t\t\t\t<div class=\"elementor-widget-container\">\n\t\t\t\t\t\t\t\t\t\t\t\t\t<img decoding=\"async\" src=\"https:\/\/gitta-m.ch\/neu\/wp-content\/uploads\/2018\/08\/header.jpg\" title=\"header\" alt=\"header\" loading=\"lazy\" \/>\t\t\t\t\t\t\t\t\t\t\t\t\t<\/div>\n\t\t\t\t<\/div>\n\t\t\t\t\t<\/div>\n\t\t<\/div>\n\t\t\t\t\t<\/div>\n\t\t<\/section>\n\t\t\t\t<section class=\"elementor-section elementor-top-section elementor-element elementor-element-98b5e67 elementor-section-boxed elementor-section-height-default elementor-section-height-default\" data-id=\"98b5e67\" data-element_type=\"section\">\n\t\t\t\t\t\t<div class=\"elementor-container elementor-column-gap-default\">\n\t\t\t\t\t<div class=\"elementor-column elementor-col-100 elementor-top-column elementor-element elementor-element-3ff7c950\" data-id=\"3ff7c950\" data-element_type=\"column\">\n\t\t\t<div class=\"elementor-widget-wrap elementor-element-populated\">\n\t\t\t\t\t\t<div class=\"elementor-element elementor-element-2d5c7844 elementor-nav-menu--stretch elementor-nav-menu--dropdown-tablet elementor-nav-menu__text-align-aside elementor-nav-menu--toggle elementor-nav-menu--burger elementor-widget elementor-widget-nav-menu\" data-id=\"2d5c7844\" data-element_type=\"widget\" data-settings=\"{&quot;full_width&quot;:&quot;stretch&quot;,&quot;layout&quot;:&quot;horizontal&quot;,&quot;submenu_icon&quot;:{&quot;value&quot;:&quot;&lt;i class=\\&quot;fas fa-caret-down\\&quot;&gt;&lt;\\\/i&gt;&quot;,&quot;library&quot;:&quot;fa-solid&quot;},&quot;toggle&quot;:&quot;burger&quot;}\" data-widget_type=\"nav-menu.default\">\n\t\t\t\t<div class=\"elementor-widget-container\">\n\t\t\t\t\t\t<nav class=\"elementor-nav-menu--main elementor-nav-menu__container elementor-nav-menu--layout-horizontal e--pointer-background e--animation-fade\">\n\t\t\t\t<ul id=\"menu-1-2d5c7844\" class=\"elementor-nav-menu\"><li class=\"menu-item menu-item-type-custom menu-item-object-custom menu-item-148\"><a href=\"http:\/\/www.gitta-m.ch\/neu\/\" class=\"elementor-item\">Home<\/a><\/li>\n<li class=\"menu-item menu-item-type-custom menu-item-object-custom menu-item-has-children menu-item-417\"><a href=\"https:\/\/gitta-m.ch\/neu\/portrait\" class=\"elementor-item\">Portrait<\/a>\n<ul class=\"sub-menu elementor-nav-menu--dropdown\">\n\t<li class=\"menu-item menu-item-type-post_type menu-item-object-page menu-item-744\"><a href=\"https:\/\/gitta-m.ch\/neu\/empfehlung\/\" class=\"elementor-sub-item\">Empfehlung<\/a><\/li>\n<\/ul>\n<\/li>\n<li class=\"menu-item menu-item-type-custom menu-item-object-custom menu-item-366\"><a href=\"https:\/\/gitta-m.ch\/neu\/auftritte\/\" class=\"elementor-item\">Auftritte<\/a><\/li>\n<li class=\"menu-item menu-item-type-custom menu-item-object-custom menu-item-477\"><a href=\"https:\/\/gitta-m.ch\/neu\/diskographie\/\" class=\"elementor-item\">Diskographie<\/a><\/li>\n<li class=\"menu-item menu-item-type-custom menu-item-object-custom menu-item-480\"><a href=\"https:\/\/gitta-m.ch\/neu\/fotos\/\" class=\"elementor-item\">Fotos<\/a><\/li>\n<li class=\"menu-item menu-item-type-post_type menu-item-object-page menu-item-1126\"><a href=\"https:\/\/gitta-m.ch\/neu\/video\/\" class=\"elementor-item\">Videos<\/a><\/li>\n<li class=\"menu-item menu-item-type-custom menu-item-object-custom menu-item-427\"><a href=\"https:\/\/gitta-m.ch\/neu\/kontakt\" class=\"elementor-item\">Kontakt<\/a><\/li>\n<li class=\"menu-item menu-item-type-custom menu-item-object-custom menu-item-312\"><a href=\"https:\/\/gitta-m.ch\/neu\/links\" class=\"elementor-item\">Links und Dank<\/a><\/li>\n<\/ul>\t\t\t<\/nav>\n\t\t\t\t\t<div class=\"elementor-menu-toggle\" role=\"button\" tabindex=\"0\" aria-label=\"Menu Toggle\" aria-expanded=\"false\">\n\t\t\t<i aria-hidden=\"true\" role=\"presentation\" class=\"elementor-menu-toggle__icon--open eicon-menu-bar\"><\/i><i aria-hidden=\"true\" role=\"presentation\" class=\"elementor-menu-toggle__icon--close eicon-close\"><\/i>\t\t\t<span class=\"elementor-screen-only\">Menu<\/span>\n\t\t<\/div>\n\t\t\t\t\t<nav class=\"elementor-nav-menu--dropdown elementor-nav-menu__container\" aria-hidden=\"true\">\n\t\t\t\t<ul id=\"menu-2-2d5c7844\" class=\"elementor-nav-menu\"><li class=\"menu-item menu-item-type-custom menu-item-object-custom menu-item-148\"><a href=\"http:\/\/www.gitta-m.ch\/neu\/\" class=\"elementor-item\" tabindex=\"-1\">Home<\/a><\/li>\n<li class=\"menu-item menu-item-type-custom menu-item-object-custom menu-item-has-children menu-item-417\"><a href=\"https:\/\/gitta-m.ch\/neu\/portrait\" class=\"elementor-item\" tabindex=\"-1\">Portrait<\/a>\n<ul class=\"sub-menu elementor-nav-menu--dropdown\">\n\t<li class=\"menu-item menu-item-type-post_type menu-item-object-page menu-item-744\"><a href=\"https:\/\/gitta-m.ch\/neu\/empfehlung\/\" class=\"elementor-sub-item\" tabindex=\"-1\">Empfehlung<\/a><\/li>\n<\/ul>\n<\/li>\n<li class=\"menu-item menu-item-type-custom menu-item-object-custom menu-item-366\"><a href=\"https:\/\/gitta-m.ch\/neu\/auftritte\/\" class=\"elementor-item\" tabindex=\"-1\">Auftritte<\/a><\/li>\n<li class=\"menu-item menu-item-type-custom menu-item-object-custom menu-item-477\"><a href=\"https:\/\/gitta-m.ch\/neu\/diskographie\/\" class=\"elementor-item\" tabindex=\"-1\">Diskographie<\/a><\/li>\n<li class=\"menu-item menu-item-type-custom menu-item-object-custom menu-item-480\"><a href=\"https:\/\/gitta-m.ch\/neu\/fotos\/\" class=\"elementor-item\" tabindex=\"-1\">Fotos<\/a><\/li>\n<li class=\"menu-item menu-item-type-post_type menu-item-object-page menu-item-1126\"><a href=\"https:\/\/gitta-m.ch\/neu\/video\/\" class=\"elementor-item\" tabindex=\"-1\">Videos<\/a><\/li>\n<li class=\"menu-item menu-item-type-custom menu-item-object-custom menu-item-427\"><a href=\"https:\/\/gitta-m.ch\/neu\/kontakt\" class=\"elementor-item\" tabindex=\"-1\">Kontakt<\/a><\/li>\n<li class=\"menu-item menu-item-type-custom menu-item-object-custom menu-item-312\"><a href=\"https:\/\/gitta-m.ch\/neu\/links\" class=\"elementor-item\" tabindex=\"-1\">Links und Dank<\/a><\/li>\n<\/ul>\t\t\t<\/nav>\n\t\t\t\t<\/div>\n\t\t\t\t<\/div>\n\t\t\t\t\t<\/div>\n\t\t<\/div>\n\t\t\t\t\t<\/div>\n\t\t<\/section>\n\t\t\t\t<section class=\"elementor-section elementor-top-section elementor-element elementor-element-0501a30 elementor-section-stretched elementor-section-boxed elementor-section-height-default elementor-section-height-default\" data-id=\"0501a30\" data-element_type=\"section\" data-settings=\"{&quot;stretch_section&quot;:&quot;section-stretched&quot;}\">\n\t\t\t\t\t\t<div class=\"elementor-container elementor-column-gap-default\">\n\t\t\t\t\t<div class=\"elementor-column elementor-col-33 elementor-top-column elementor-element elementor-element-a3a2050\" data-id=\"a3a2050\" data-element_type=\"column\" data-settings=\"{&quot;background_background&quot;:&quot;classic&quot;}\">\n\t\t\t<div class=\"elementor-widget-wrap elementor-element-populated\">\n\t\t\t\t\t\t<div class=\"elementor-element elementor-element-8d9c6f1 elementor-widget elementor-widget-global elementor-global-128 elementor-widget-text-editor\" data-id=\"8d9c6f1\" data-element_type=\"widget\" data-widget_type=\"text-editor.default\">\n\t\t\t\t<div class=\"elementor-widget-container\">\n\t\t\t\t\t\t\t<p><span class=\"fontleft\"><strong>Kontaktdaten<\/strong><br \/>Management Gitta:<br \/>Margarita Moery Fehr<br \/>Thurtalstrasse 34f<br \/>8450 Andelfingen<br \/>Fixnet: 052 305 14 24<br \/>Mobile: 079 612 76 39<br \/><a href=\"mailto:vocal@gitta-m.ch\">vocal@gitta-m.ch<\/a><br \/><a href=\"http:\/\/www.m-moeri.ch\/\" target=\"_blank\" rel=\"noopener\">Website M.Moeri<\/a><\/span><\/p><p><img decoding=\"async\" class=\"alignnone size-full wp-image-237\" src=\"https:\/\/gitta-m.ch\/neu\/wp-content\/uploads\/2018\/08\/margrittli.jpg\" alt=\"\" width=\"180\" height=\"100\" \/><\/p>\t\t\t\t\t\t<\/div>\n\t\t\t\t<\/div>\n\t\t\t\t<div class=\"elementor-element elementor-element-a9fa8e0 elementor-widget elementor-widget-global elementor-global-608 elementor-widget-heading\" data-id=\"a9fa8e0\" data-element_type=\"widget\" data-widget_type=\"heading.default\">\n\t\t\t\t<div class=\"elementor-widget-container\">\n\t\t\t<h2 class=\"elementor-heading-title elementor-size-default\">Termine<\/h2>\t\t<\/div>\n\t\t\t\t<\/div>\n\t\t\t\t<div class=\"elementor-element elementor-element-585bb70 elementor-hidden-phone elementor-widget elementor-widget-global elementor-global-332 elementor-widget-text-editor\" data-id=\"585bb70\" data-element_type=\"widget\" data-widget_type=\"text-editor.default\">\n\t\t\t\t<div class=\"elementor-widget-container\">\n\t\t\t\t\t\t\t<p>Temple Del\u00e9mont<br \/><strong>24. Aout, 10:00 h<\/strong><br \/>Culte Bilingue et Musicale<br \/>Pasteur John Ebbutt<br \/>Accomp. par le Trio &#171;AlpenXang&#187;<\/p><p>Culte a l\u2019\u00e9glise reform\u00e9e du Jura \u201cTemple\u201d Del\u00e9mont<strong><br \/>25.8.2024 10:00 h <\/strong>La Group Yodleuse \u00abAlpenXang\u00bb de Gitta Moeri<\/p><p><strong>29.10.2023 19.30 h <\/strong>Abendgottesdienst Gerlikon \/ Frauenfeld Jodelterzett<\/p><p><strong>03.09.2023\u00a011:00h<\/strong> Gottesdienst La Jocotterie, Undervelier, JU<\/p><p><strong>05.03.2023<\/strong>\u00a015:00 Tag der Kranken \u00abLa Residence\u00bb Schaffhausen<\/p><p><strong>26.04.2023<\/strong>\u00a014.30h Mittwoch Geburtstagsmusik\u00a0Wohn- und Pflegezentrum Eschlikon<br \/>Bethesda Alterszentren AG, Kapellstrasse 10, 8360 Eschlikon<\/p><p><strong>\u00a0<\/strong><strong>24.12. 2021\u00a0 22.30<\/strong> Mitternachtsgottesdienst, Ellikon an der Thur, Sologesang und Orgel<\/p><p><strong>\u200b29.11.2020<\/strong> evangelische Kirche Gachnang, Gottesdienst Installation Pfrn. S. Sch\u00fctz und Pfr. D. Oestermann FrauenART<\/p><p><strong>27.09.2020<\/strong> evangelische Kirche Gachnang, Spezieller Gottesdienst Verabschiedung Christian Herrmann und Ruth Schaer, Ensemble Gachnang<\/p>\t\t\t\t\t\t<\/div>\n\t\t\t\t<\/div>\n\t\t\t\t<div class=\"elementor-element elementor-element-cb0c220 elementor-widget elementor-widget-spacer\" data-id=\"cb0c220\" data-element_type=\"widget\" data-widget_type=\"spacer.default\">\n\t\t\t\t<div class=\"elementor-widget-container\">\n\t\t\t\t\t<div class=\"elementor-spacer\">\n\t\t\t<div class=\"elementor-spacer-inner\"><\/div>\n\t\t<\/div>\n\t\t\t\t<\/div>\n\t\t\t\t<\/div>\n\t\t\t\t\t<\/div>\n\t\t<\/div>\n\t\t\t\t<div class=\"elementor-column elementor-col-66 elementor-top-column elementor-element elementor-element-25a3577\" data-id=\"25a3577\" data-element_type=\"column\" data-settings=\"{&quot;background_background&quot;:&quot;classic&quot;}\">\n\t\t\t<div class=\"elementor-widget-wrap elementor-element-populated\">\n\t\t\t\t\t<div class=\"elementor-background-overlay\"><\/div>\n\t\t\t\t\t\t<div class=\"elementor-element elementor-element-f97380c elementor-widget elementor-widget-spacer\" data-id=\"f97380c\" data-element_type=\"widget\" data-widget_type=\"spacer.default\">\n\t\t\t\t<div class=\"elementor-widget-container\">\n\t\t\t\t\t<div class=\"elementor-spacer\">\n\t\t\t<div class=\"elementor-spacer-inner\"><\/div>\n\t\t<\/div>\n\t\t\t\t<\/div>\n\t\t\t\t<\/div>\n\t\t\t\t<div class=\"elementor-element elementor-element-f5678cd elementor-widget elementor-widget-heading\" data-id=\"f5678cd\" data-element_type=\"widget\" data-widget_type=\"heading.default\">\n\t\t\t\t<div class=\"elementor-widget-container\">\n\t\t\t<h2 class=\"elementor-heading-title elementor-size-large\">Auftritte ab 2011<\/h2>\t\t<\/div>\n\t\t\t\t<\/div>\n\t\t\t\t<div class=\"elementor-element elementor-element-914a05f elementor-widget elementor-widget-spacer\" data-id=\"914a05f\" data-element_type=\"widget\" data-widget_type=\"spacer.default\">\n\t\t\t\t<div class=\"elementor-widget-container\">\n\t\t\t\t\t<div class=\"elementor-spacer\">\n\t\t\t<div class=\"elementor-spacer-inner\"><\/div>\n\t\t<\/div>\n\t\t\t\t<\/div>\n\t\t\t\t<\/div>\n\t\t\t\t<div class=\"elementor-element elementor-element-c7aa6c7 elementor-widget elementor-widget-accordion\" data-id=\"c7aa6c7\" data-element_type=\"widget\" data-widget_type=\"accordion.default\">\n\t\t\t\t<div class=\"elementor-widget-container\">\n\t\t\t\t\t<div class=\"elementor-accordion\">\n\t\t\t\t\t\t\t<div class=\"elementor-accordion-item\">\n\t\t\t\t\t<div id=\"elementor-tab-title-2091\" class=\"elementor-tab-title\" data-tab=\"1\" role=\"button\" aria-controls=\"elementor-tab-content-2091\" aria-expanded=\"false\">\n\t\t\t\t\t\t\t\t\t\t\t\t\t<span class=\"elementor-accordion-icon elementor-accordion-icon-left\" aria-hidden=\"true\">\n\t\t\t\t\t\t\t\t\t\t\t\t\t\t\t<span class=\"elementor-accordion-icon-closed\"><i class=\"fas fa-plus\"><\/i><\/span>\n\t\t\t\t\t\t\t\t<span class=\"elementor-accordion-icon-opened\"><i class=\"fas fa-minus\"><\/i><\/span>\n\t\t\t\t\t\t\t\t\t\t\t\t\t\t<\/span>\n\t\t\t\t\t\t\t\t\t\t\t\t<a class=\"elementor-accordion-title\" tabindex=\"0\">2023<\/a>\n\t\t\t\t\t<\/div>\n\t\t\t\t\t<div id=\"elementor-tab-content-2091\" class=\"elementor-tab-content elementor-clearfix\" data-tab=\"1\" role=\"region\" aria-labelledby=\"elementor-tab-title-2091\"><p><strong>29.10.2023 19.30 h <\/strong>Abendgottesdienst Gerlikon \/ Frauenfeld Jodelterzett<\/p><p><strong>03.09.2023\u00a011:00h<\/strong> Gottesdienst La Jocotterie, Undervelier, JU<\/p><p><strong>05.03.2023\u00a015:00<\/strong> Tag der Kranken \u00abLa Residence\u00bb Schaffhausen<\/p><p><strong>26.04.2023\u00a014.30h<\/strong> Mittwoch Geburtstagsmusik\u00a0Wohn- und Pflegezentrum Eschlikon<br \/>Bethesda Alterszentren AG, Kapellstrasse 10, 8360 Eschlikon<\/p><\/div>\n\t\t\t\t<\/div>\n\t\t\t\t\t\t\t<div class=\"elementor-accordion-item\">\n\t\t\t\t\t<div id=\"elementor-tab-title-2092\" class=\"elementor-tab-title\" data-tab=\"2\" role=\"button\" aria-controls=\"elementor-tab-content-2092\" aria-expanded=\"false\">\n\t\t\t\t\t\t\t\t\t\t\t\t\t<span class=\"elementor-accordion-icon elementor-accordion-icon-left\" aria-hidden=\"true\">\n\t\t\t\t\t\t\t\t\t\t\t\t\t\t\t<span class=\"elementor-accordion-icon-closed\"><i class=\"fas fa-plus\"><\/i><\/span>\n\t\t\t\t\t\t\t\t<span class=\"elementor-accordion-icon-opened\"><i class=\"fas fa-minus\"><\/i><\/span>\n\t\t\t\t\t\t\t\t\t\t\t\t\t\t<\/span>\n\t\t\t\t\t\t\t\t\t\t\t\t<a class=\"elementor-accordion-title\" tabindex=\"0\">2020<\/a>\n\t\t\t\t\t<\/div>\n\t\t\t\t\t<div id=\"elementor-tab-content-2092\" class=\"elementor-tab-content elementor-clearfix\" data-tab=\"2\" role=\"region\" aria-labelledby=\"elementor-tab-title-2092\"><p><strong>29.11.2020<\/strong> evangelische Kirche Gachnang, Gottesdienst Installation Pfrn. S. Sch\u00fctz und Pfr. D. Oestermann FrauenART<\/p><p><strong>27.09.2020<\/strong> evangelische Kirche Gachnang, Spezieller Gottesdienst Verabschiedung Christian Herrmann und Ruth Schaer, Ensemble Gachnang<\/p><p><strong>05.09.2020 11:00<\/strong> Jacotterie Undervelier JU <span style=\"color: #ff0000;\">Abgesagt<\/span><\/p><p><strong>23.-26.06.2020<\/strong> EJV\u00a0 Basel<\/p><p><strong>14.03.2020 15:30<\/strong><br \/>Senioren Regio Treff MZH Pfyn Lieder&amp;Jodel us \u00fcsere Schuelzit, Duo Margrit&amp;Helga<\/p><p><strong>27.02.2020<\/strong> Abdankung privat<\/p><p><strong>15.01.2020<\/strong> Abdankung Privat<\/p><\/div>\n\t\t\t\t<\/div>\n\t\t\t\t\t\t\t<div class=\"elementor-accordion-item\">\n\t\t\t\t\t<div id=\"elementor-tab-title-2093\" class=\"elementor-tab-title\" data-tab=\"3\" role=\"button\" aria-controls=\"elementor-tab-content-2093\" aria-expanded=\"false\">\n\t\t\t\t\t\t\t\t\t\t\t\t\t<span class=\"elementor-accordion-icon elementor-accordion-icon-left\" aria-hidden=\"true\">\n\t\t\t\t\t\t\t\t\t\t\t\t\t\t\t<span class=\"elementor-accordion-icon-closed\"><i class=\"fas fa-plus\"><\/i><\/span>\n\t\t\t\t\t\t\t\t<span class=\"elementor-accordion-icon-opened\"><i class=\"fas fa-minus\"><\/i><\/span>\n\t\t\t\t\t\t\t\t\t\t\t\t\t\t<\/span>\n\t\t\t\t\t\t\t\t\t\t\t\t<a class=\"elementor-accordion-title\" tabindex=\"0\">2019<\/a>\n\t\t\t\t\t<\/div>\n\t\t\t\t\t<div id=\"elementor-tab-content-2093\" class=\"elementor-tab-content elementor-clearfix\" data-tab=\"3\" role=\"region\" aria-labelledby=\"elementor-tab-title-2093\"><p><strong>24.12.2019, 22:30<\/strong><br \/>Gottesdienst am Heiligabend in Thalheim<br \/>Ort: Kirche Thalheim<br \/>Pfr. Christoph T. Waldmeier<br \/>Gottesdienst am Heiligabend mit Pfr. Christoph T. Waldmeier<br \/>mit Abendmahl<br \/>Orgel: Elena Meister<br \/>Gesang: Margrit M\u00f6ri Fehr<br \/>Kollekte: Heilsarmee Winterthur Wohnheim<\/p><p><strong>24.12.2019 18:00<\/strong><br \/>Weihnachtsandacht <br \/>evangelische Kirche Ganchnang Musik Vokal Track<\/p><p><strong>24.11.2019 09:30<\/strong><br \/>Evangelische Kirche Gachnang<br \/>EWIGKEITSSONNTAG<br \/>Festlicher Gottesdienst in Erinnerung an die Verstorbenen 2019 <br \/>PREDIGT mit MUSIK<\/p><p><strong>01.09.2019<\/strong><br \/>Stubete Trachtengruppe Pfyn, Trotte Pfyn ab 13:00<br \/>Duo Sommerrosen<\/p><p><strong>25.08.2019<\/strong><br \/>Abendgottesdienst mit Kirchenchor, Kapelle Gerlikon<\/p><p><strong>18.08.2019, 11.00<\/strong><br \/>evangelischer Feldgottesdienst mit anschliessendem grillieren<br \/>Loewenburg, Ederswiler JU<\/p><p><strong>11.08.2019, 10:00<\/strong><br \/>Spitalgottesdienst Uster<\/p><p><strong>22.06.2019<\/strong><br \/>Jodlerfest Winterthur<br \/>Strickhof, 10:30<\/p><p><strong>Mai<\/strong><br \/>\u00c4lplibar<\/p><p><strong>M\u00e4rz<\/strong><br \/>Stubetre Weiningen<\/p><\/div>\n\t\t\t\t<\/div>\n\t\t\t\t\t\t\t<div class=\"elementor-accordion-item\">\n\t\t\t\t\t<div id=\"elementor-tab-title-2094\" class=\"elementor-tab-title\" data-tab=\"4\" role=\"button\" aria-controls=\"elementor-tab-content-2094\" aria-expanded=\"false\">\n\t\t\t\t\t\t\t\t\t\t\t\t\t<span class=\"elementor-accordion-icon elementor-accordion-icon-left\" aria-hidden=\"true\">\n\t\t\t\t\t\t\t\t\t\t\t\t\t\t\t<span class=\"elementor-accordion-icon-closed\"><i class=\"fas fa-plus\"><\/i><\/span>\n\t\t\t\t\t\t\t\t<span class=\"elementor-accordion-icon-opened\"><i class=\"fas fa-minus\"><\/i><\/span>\n\t\t\t\t\t\t\t\t\t\t\t\t\t\t<\/span>\n\t\t\t\t\t\t\t\t\t\t\t\t<a class=\"elementor-accordion-title\" tabindex=\"0\">2018<\/a>\n\t\t\t\t\t<\/div>\n\t\t\t\t\t<div id=\"elementor-tab-content-2094\" class=\"elementor-tab-content elementor-clearfix\" data-tab=\"4\" role=\"region\" aria-labelledby=\"elementor-tab-title-2094\"><p><strong>Sonntag 1.Advent\u00a0 2.12.2018<\/strong><br \/>evangelische Kirche Gachnang, Solo mit Kirchenchor im GD<\/p><p><strong>22.11.2018, 20.00<\/strong><br \/>\u00c4lplibar ZH<\/p><p><strong>2.9.2018, 11.00<\/strong><br \/>GD Oec Jacotterie Undervelier<\/p><p><strong>26.8.2018, 10.00<\/strong><br \/>Chilbi GD Kirch Lindau ZH<\/p><p><strong>8.2018<\/strong><br \/>Abd. Bernauer \u00dcbern C. Glaus<\/p><p><strong>23.6.2018, 11.06<\/strong><br \/>ZSJV Sch\u00f6tz<\/p><p><strong>17.6.2018, 10.00<\/strong><br \/>GD Henggart<\/p><p><strong>25.4.2018, 20.15<\/strong><br \/>Diri Vertretung<\/p><p><strong>18.4.2018, 20.15<\/strong><br \/>Diri Vertretung, Gachnang<\/p><p><strong>4.2018<\/strong><br \/>Abdankung K\u00e4ser<\/p><p><strong>4.2018<\/strong><br \/>Ad. Casutt, Osterwalder<\/p><p><strong>3.2018<\/strong><br \/>Abd. Embrach<\/p><p><strong>17.3.2018<\/strong><br \/>Einweihung Robert Fehr AG<\/p><p><strong>14.2.2018, 14.00<\/strong><br \/>Pflegeheim Stammheim<\/p><p><strong>1.2018<\/strong><br \/>Abd.Fam. Huber, St. Arbogast, Winterthur<\/p><\/div>\n\t\t\t\t<\/div>\n\t\t\t\t\t\t\t<div class=\"elementor-accordion-item\">\n\t\t\t\t\t<div id=\"elementor-tab-title-2095\" class=\"elementor-tab-title\" data-tab=\"5\" role=\"button\" aria-controls=\"elementor-tab-content-2095\" aria-expanded=\"false\">\n\t\t\t\t\t\t\t\t\t\t\t\t\t<span class=\"elementor-accordion-icon elementor-accordion-icon-left\" aria-hidden=\"true\">\n\t\t\t\t\t\t\t\t\t\t\t\t\t\t\t<span class=\"elementor-accordion-icon-closed\"><i class=\"fas fa-plus\"><\/i><\/span>\n\t\t\t\t\t\t\t\t<span class=\"elementor-accordion-icon-opened\"><i class=\"fas fa-minus\"><\/i><\/span>\n\t\t\t\t\t\t\t\t\t\t\t\t\t\t<\/span>\n\t\t\t\t\t\t\t\t\t\t\t\t<a class=\"elementor-accordion-title\" tabindex=\"0\">2017<\/a>\n\t\t\t\t\t<\/div>\n\t\t\t\t\t<div id=\"elementor-tab-content-2095\" class=\"elementor-tab-content elementor-clearfix\" data-tab=\"5\" role=\"region\" aria-labelledby=\"elementor-tab-title-2095\"><p><strong>10.12.2017,17.00<\/strong><br \/>Konzert evangelische Kirche Gachnang<\/p><p><strong>06.12. 2017<\/strong><br \/>ev. 17:00 ohne Gew\u00e4hr, Konzert Kapelle Klingenzellerhof<\/p><p><strong>24.09.2017, 13.00<\/strong><br \/>Geburtstag, privat, Leo &amp; Gitta, Jodelsolo mit Akkordeon<\/p><p><strong>03.09.2017, 11.00 Uhr<\/strong><br \/>Gottesdienst Kirchgem. Bassecout vorauss. Jacotterie,<br \/>bei schlechter Witterung ev. Kirch Bassecourt.<br \/>Jodelduett mit Leo Akkordeon<\/p><p><strong>01.08.2017, 19.30<\/strong><br \/>Bundesfeier Hoher Hischberg, Appenzell<\/p><p><strong>01.08.2017, 14.00<\/strong><br \/>Bundesfeier, Pflegezentrum K\u00e4ferberg<br \/>Emil-Kl\u00f6ti Strasse 25 \/ Z\u00fcrich<\/p><p><strong>23. &amp; 24. 06.2017<\/strong><br \/>Eidgen\u00f6ssisches Jodlerfest Brig Glis, Solo Wettvortrag und freier Vortrag.<br \/><strong>24.6.<\/strong><br \/>10:50 Wettvortrag Einzeljodel Kirche Brig<br \/>14.08 Freier Vortrag<br \/>15:15 Freier Vortrag<\/p><p><strong>14.04.2017 09.30 Uhr<\/strong><br \/>Evangelische Kirche Gachnang, Karfreitagsgottesdient (Stabat Mater, Pergolesi)<\/p><p><strong>05.03.2017 14:30 Uhr<\/strong><br \/>Tag der Kranken, Alterszentrum R\u00f6ssogasse B\u00fclach, 2. Stock<\/p><p><strong>15.02.2017<\/strong><br \/>Begr\u00e4bnis G\u00f6tti, Fritz M\u00f6ri, Bassecourt<\/p><p><strong>Februar 2017<\/strong><br \/>Begr\u00e4bnis Gertrud Oertli, Ossingen<\/p><\/div>\n\t\t\t\t<\/div>\n\t\t\t\t\t\t\t<div class=\"elementor-accordion-item\">\n\t\t\t\t\t<div id=\"elementor-tab-title-2096\" class=\"elementor-tab-title\" data-tab=\"6\" role=\"button\" aria-controls=\"elementor-tab-content-2096\" aria-expanded=\"false\">\n\t\t\t\t\t\t\t\t\t\t\t\t\t<span class=\"elementor-accordion-icon elementor-accordion-icon-left\" aria-hidden=\"true\">\n\t\t\t\t\t\t\t\t\t\t\t\t\t\t\t<span class=\"elementor-accordion-icon-closed\"><i class=\"fas fa-plus\"><\/i><\/span>\n\t\t\t\t\t\t\t\t<span class=\"elementor-accordion-icon-opened\"><i class=\"fas fa-minus\"><\/i><\/span>\n\t\t\t\t\t\t\t\t\t\t\t\t\t\t<\/span>\n\t\t\t\t\t\t\t\t\t\t\t\t<a class=\"elementor-accordion-title\" tabindex=\"0\">2016<\/a>\n\t\t\t\t\t<\/div>\n\t\t\t\t\t<div id=\"elementor-tab-content-2096\" class=\"elementor-tab-content elementor-clearfix\" data-tab=\"6\" role=\"region\" aria-labelledby=\"elementor-tab-title-2096\"><p><strong>25.12.2016 09.30<\/strong><br \/>Evangelische Kirche Rickenbach ZH<br \/>Weihnachtsgottesdienst<br \/>J\u00fcrg Leuthart Liturgie<br \/>Margrit M\u00f6ri Fehr Gesang<br \/>Klara Brugger Orgel<\/p><p><strong>10.09.2016 19.00<\/strong><br \/>\u00ab\u00dcBERALL DU\u00bb<br \/>sehnsuchtsvoll, leidenschaftlich, romantische \u00abLIEBESPOST\u00bb mit dem internationalen Trio DI-VINO &amp; Postillion<br \/>Musiksaal Musikinsel Rheinau &gt; Flyer<br \/>Ap\u00e9ro ab 18:00<\/p><p><strong>02.07.2016<\/strong><br \/>Jodlerfest Gossau<br \/>Freier Vortrag 11:00<br \/>Lokal G, (offen)<br \/>Wettvortrag 20.15 Lokal A, F\u00fcrstenberghalle<\/p><p><strong>25.06.2016 16:18<\/strong><br \/>Lokal A Jodlerfest Sch\u00fcpfheim<br \/>Niklaus Hess, Akkordeon<\/p><p><strong>19.06.2016 19:30<\/strong><br \/>Pfarreisaal Hofkirche Luzern, Solo klassisch mit Royal Consort Winterthur<\/p><p><strong>04.06.2016 15:54<\/strong><br \/>Lokal A Jodlerfest Steffisburg<br \/>Leo Inauen Akkordeon<\/p><p><strong>04.06.2016 11:00<\/strong><br \/>Jodlerfest Gossau- Freie Vortr\u00e4ge\u2013 offene B\u00fchne<\/p><p><strong>08.05.2016 16:00<\/strong><br \/>Jodel &amp; Akkordeon Gitta und Leo<br \/>Restaurant Klingenzellerhof, Eschenz<\/p><p><strong>24.04.2016<\/strong><br \/>Kantatengottesdienst Buchs<br \/>O felicissimus paradisi aspectus,<br \/>Kantate Joh. Rosenm\u00fcller,<br \/>Solosopran &amp; Royalconsort..<\/p><p><strong>16.02.2016<\/strong><br \/>Landfrauen-Versammlung<br \/>Stammheim<br \/>Jodel- &amp; Volkslieder<\/p><\/div>\n\t\t\t\t<\/div>\n\t\t\t\t\t\t\t<div class=\"elementor-accordion-item\">\n\t\t\t\t\t<div id=\"elementor-tab-title-2097\" class=\"elementor-tab-title\" data-tab=\"7\" role=\"button\" aria-controls=\"elementor-tab-content-2097\" aria-expanded=\"false\">\n\t\t\t\t\t\t\t\t\t\t\t\t\t<span class=\"elementor-accordion-icon elementor-accordion-icon-left\" aria-hidden=\"true\">\n\t\t\t\t\t\t\t\t\t\t\t\t\t\t\t<span class=\"elementor-accordion-icon-closed\"><i class=\"fas fa-plus\"><\/i><\/span>\n\t\t\t\t\t\t\t\t<span class=\"elementor-accordion-icon-opened\"><i class=\"fas fa-minus\"><\/i><\/span>\n\t\t\t\t\t\t\t\t\t\t\t\t\t\t<\/span>\n\t\t\t\t\t\t\t\t\t\t\t\t<a class=\"elementor-accordion-title\" tabindex=\"0\">2015<\/a>\n\t\t\t\t\t<\/div>\n\t\t\t\t\t<div id=\"elementor-tab-content-2097\" class=\"elementor-tab-content elementor-clearfix\" data-tab=\"7\" role=\"region\" aria-labelledby=\"elementor-tab-title-2097\"><p><strong>25.12.2015<br \/>09.30<\/strong><br \/>Weihnachtsgottesdienst Evangelische Kirche <strong>Gachnang<\/strong><br \/>Orgel-Sopran<\/p><p><strong>29.11.2015 20.00<\/strong><br \/>Adventgottesdienst Evangelische Kirche <strong>Gachnang<\/strong><br \/>Sopransolo mit Kirchenchor Gachnang<\/p><p><strong>15.11.2015<br \/>11.00<\/strong><br \/>Kantatengottesdienst Klosterkirche Wettingen<br \/>O felicissimus paradisi aspectus, Kantate Joh. Rosenm\u00fcller,<br \/>Solosopran &amp; Royalconsort.<\/p><p><strong>15.11.2015<br \/>09.30<\/strong><br \/>Kantatengottesdienst St. Anton Kirche <strong>Wettingen<\/strong><br \/>O felicissimus paradisi aspectus, Kantate Joh. Rosenm\u00fcller,<br \/>Solosopran &amp; Royalconsort.<\/p><p><strong>13.11.2015 19.00<\/strong><br \/><strong>Rest. B\u00e4ren Bazenheid<\/strong> Appenzellerabend.<br \/>Jodel mit Akkordeon (ab ca. 20:00)<\/p><p><strong>04.09 2015 14.30<\/strong><br \/>Konzert (Volksmusik) Neutal Berlingen<\/p><p><strong>29.08.2015<\/strong><br \/>Hochzeit Stammheim<\/p><p><strong>01.08.2015<\/strong><br \/>1. Augustfeier La Residence, Schaffhausen<\/p><p><strong>27.06.2015<\/strong><br \/>Jodlerfest Sarnen, Solojodel &amp; Freier Vortrag<\/p><p><strong>20.06.2015<\/strong><br \/>Jodlerfest Halsle-R\u00fcegsau<\/p><p><strong>23.05.2015<\/strong> n. offen<\/p><p><strong>12.04.2015 ab 14.30<\/strong><br \/>musikalische Einweihung, Thurtalstrasse 34 f, 8450 Andelfigen<\/p><p><strong>29.03.2014 09.30<\/strong><br \/>Gottesdienst Palmsonntag, Sopransolo mit Kirchenchor Gachnang<\/p><p><strong>28.02.15 G\u00fcterhof<\/strong><br \/>Fondue und Jodel im G\u00fcterhof Schaffhausen<br \/>20:00-22:00<\/p><p><strong>31.01.15 G\u00fcterhof<\/strong><br \/>Fondue und Jodel im G\u00fcterhof Schaffhausen<br \/>20:00-22:00<\/p><\/div>\n\t\t\t\t<\/div>\n\t\t\t\t\t\t\t<div class=\"elementor-accordion-item\">\n\t\t\t\t\t<div id=\"elementor-tab-title-2098\" class=\"elementor-tab-title\" data-tab=\"8\" role=\"button\" aria-controls=\"elementor-tab-content-2098\" aria-expanded=\"false\">\n\t\t\t\t\t\t\t\t\t\t\t\t\t<span class=\"elementor-accordion-icon elementor-accordion-icon-left\" aria-hidden=\"true\">\n\t\t\t\t\t\t\t\t\t\t\t\t\t\t\t<span class=\"elementor-accordion-icon-closed\"><i class=\"fas fa-plus\"><\/i><\/span>\n\t\t\t\t\t\t\t\t<span class=\"elementor-accordion-icon-opened\"><i class=\"fas fa-minus\"><\/i><\/span>\n\t\t\t\t\t\t\t\t\t\t\t\t\t\t<\/span>\n\t\t\t\t\t\t\t\t\t\t\t\t<a class=\"elementor-accordion-title\" tabindex=\"0\">2014<\/a>\n\t\t\t\t\t<\/div>\n\t\t\t\t\t<div id=\"elementor-tab-content-2098\" class=\"elementor-tab-content elementor-clearfix\" data-tab=\"8\" role=\"region\" aria-labelledby=\"elementor-tab-title-2098\"><p><strong>24.12.14 22:00 Uhr<\/strong><br \/>evang. Benken<\/p><p><strong>24.12.14 18:00 Uh<\/strong>r<br \/>evang. Kirche Gachnang<\/p><p><strong>Fr 12.12.14<\/strong><br \/>Weihnnachtsessen B\u00fclach privatanlass<\/p><p><strong>So 07.12.14<\/strong><br \/>16:00 Adventskonzert Evangelische Kirche Gachnang<br \/>Engelst\u00f6ne himmelskl\u00e4nge, Die englische Botschaft in Lied und Musik aus Volksmusik, Klassik und Unterhaltung<br \/>Projektleitung und Sopran Margarita M\u00f6ri Fehr (Gitta)<\/p><p><strong>01.08.2014<\/strong><br \/>ca. 15.00 \u2013 17.00<br \/>La Residence Schaffhausen<\/p><p><strong>03. \u2013 06.07.2014<\/strong><br \/>Eidgen\u00f6ssisches Jodlerfest<br \/>DAVOS<br \/>n\u00e4here Angaben folgen<\/p><p><strong>09.5. 2014 20:00 Uhr<\/strong><br \/>WASSERRADFOYER<br \/>GREUTERHOF ISLIKON<br \/>Res. erw\u00fcnscht:<br \/>Tel. 052 375 12 35<\/p><p><strong>23.3.2014<\/strong><br \/>Stubete Schwert Stammheim<br \/>(Mitwirkende Tag der Kranken)<\/p><p><strong>11.3.2014<\/strong><br \/>\u00c4lplibar, Ankengasse 5, Z\u00fcrich<br \/>mit A. Rickenbacher Akkordeon<br \/>(Musik mit Herz)<\/p><p><strong>02.03.2014<\/strong><br \/>Klara Dietiker Pflegeheim<br \/>Stein am Rhein<\/p><p><strong>02.03.2014<\/strong><br \/>Tag der Kranken Pflegeheim R\u00fcti in Sirnach<\/p><p><strong>01.03.2014<\/strong><br \/>Jahresversammlung Alpenwelle.<\/p><p><strong>10.01.2014<\/strong><br \/>Rest. Babental<br \/>H\u00e4ngt von der vor Ort verf\u00fcgbaren Begleitung ab.<\/p><p><strong>07.01.2014<\/strong><br \/>Rest. R\u00f6ssli Bernhardzell<\/p><p><strong>03.01.2014<\/strong><br \/>J\u00e4gerst\u00fcbli Wildhaus<\/p><p><strong>Laufend<\/strong><br \/>Spontane Live Stubete Auftritte<\/p><\/div>\n\t\t\t\t<\/div>\n\t\t\t\t\t\t\t<div class=\"elementor-accordion-item\">\n\t\t\t\t\t<div id=\"elementor-tab-title-2099\" class=\"elementor-tab-title\" data-tab=\"9\" role=\"button\" aria-controls=\"elementor-tab-content-2099\" aria-expanded=\"false\">\n\t\t\t\t\t\t\t\t\t\t\t\t\t<span class=\"elementor-accordion-icon elementor-accordion-icon-left\" aria-hidden=\"true\">\n\t\t\t\t\t\t\t\t\t\t\t\t\t\t\t<span class=\"elementor-accordion-icon-closed\"><i class=\"fas fa-plus\"><\/i><\/span>\n\t\t\t\t\t\t\t\t<span class=\"elementor-accordion-icon-opened\"><i class=\"fas fa-minus\"><\/i><\/span>\n\t\t\t\t\t\t\t\t\t\t\t\t\t\t<\/span>\n\t\t\t\t\t\t\t\t\t\t\t\t<a class=\"elementor-accordion-title\" tabindex=\"0\">2013<\/a>\n\t\t\t\t\t<\/div>\n\t\t\t\t\t<div id=\"elementor-tab-content-2099\" class=\"elementor-tab-content elementor-clearfix\" data-tab=\"9\" role=\"region\" aria-labelledby=\"elementor-tab-title-2099\"><p><strong>24.12.2013<\/strong><br \/>18.00 Ref. Kirche Gachnang, Adventandacht mit Kinder Projektchor, Leitung Gitta<br \/>22.00 kath. Kirche Embrach, Mitternachtsgottesdienst, Solo mit Kirchenchor,<br \/>S\u00fcdamerikanische Weihnachten<\/p><p><strong>01.12.2013<\/strong><br \/>09.30 Ref. Kirche Thalheim, Umrahmung Gottesdienst Sopran Solo<br \/>20.00 Ref. Kirche Gachnang, Solo mit Kirchenchor 1.Advent Gottesdienst.<\/p><p><strong>29.11.2013\u00a0<\/strong> ca. 20.00 Adler Herisau, Stubete spontan<\/p><p><strong>24.11.2013<\/strong> ca. 15.00 MZH Schlattingen Stubete VSV, Gitta mit \u201eLK Im Wildbach\u201c<\/p><p>Wiederholung Auff\u00fchrung Eigenkomp. M. M\u00f6ri, \u201eEm Heiri sini Chilbi\u201c u.a.<\/p><p><strong>22.11.2013<\/strong><br \/>20.00 Babental, Schleitheim, Stubete, Gitta mit \u201eLK Im Wildbach\u201c<br \/>Wiederholung Auff\u00fchrung Eigenkomp. M. M\u00f6ri, \u201eEm Heiri sini Chilbi\u201c u.a.<\/p><p><strong>28.\/29.09.2013<\/strong>\u00a0 Herbstfest Landhausmode Paul Klauser Kollbrunn<br \/>29.9. ca. 14.00<\/p><p><strong>23.08.2013<\/strong>\u00a0 Alpchilbi Babental<\/p><p><strong>03. 08.2013 ab 17.00<\/strong><br \/>CS Ellikon an der Thur, Pferdesport, Alpenmusik &amp; Trachtenmode<\/p><p><strong>Sa. Morgen 06.07.2013<\/strong>\u00a0 Jodlerfest WATTWIL<br \/>09:08 Lokal C Duett \/ 11:08 Lokal C Einzel<\/p><p><strong>30.06.2013<\/strong><br \/>Kirche Embrach \/ Soli in der Toggenburger Messe<br \/>\u201eJuchzed und Singed\u201c von Peter Roth<\/p><p><strong>22.06.2013<\/strong>\u00a0 Vorausscheidung <a href=\"http:\/\/www.alpengrandprix.com\/\" target=\"_blank\" rel=\"noopener\">Alpen Grand Prix der Volksmusik<\/a> Samnaun<br \/>Vorausscheidung Schweiz<\/p><p><strong>21.-23.06.2013<\/strong><br \/>Reiden ZSJV, f\u00e4llt wegen Teilnahme Alpen Grand Prix Samnaun aus<\/p><p>Sa<strong>. 15.06.2013 19:08<\/strong><br \/>Jodlerfest TRAMLEAN Lokal 2<\/p><p><strong>03. Mai 2013 19.30 Uhr<\/strong><br \/>FEIERABENDMUSIK Trio MMS<br \/>Meister Piano Schaffhausen<br \/>Querfl\u00f6te, Sopran, Klavier, Romantische Lieder und Werke von C. Gounod, F. Listz, E. Chausson u.a.<\/p><p><strong>02.05.2013<\/strong><br \/>Feierabendmusik Trio MMS Greuterhof Islikon 19.30<br \/>Querfl\u00f6te, Sopran, Klavier, Romantische Lieder und Werke von C. Gounod, F. Listz, E. Chausson u.a.<\/p><p>2<strong>8.04.<\/strong>\u00a0 Aufnahmen \u2013 Lontan \u2013 Rosenlieder<\/p><p><strong>20.04.2013<\/strong>\u00a0 Geburtstagsfeier Weinliederprogramm<\/p><p><strong>28.04.2013 09.30<\/strong>\u00a0 Gottesdienst, Berg am Irchel<br \/>\u201eAuf Palmarum\u201c f\u00fcr Blockfl\u00f6te, Sopran und Orgel, Kantate von<br \/>G. F. Telemann<\/p><p><strong>02. M\u00e4rz 2013<\/strong>\u00a0\u00a0 Tag der Kranken Pflegeheim R\u00fcti in Sirnach.<\/p><p><strong>04. M\u00e4rz 2013<\/strong>\u00a0 \u00c4lplibar Ankengasse 5, Z\u00fcrich<\/p><p><strong>26.\/27.01.2013<\/strong> Vorsingen f\u00fcr TV<\/p><p><strong>26.01.2013<\/strong>\u00a0 Diplomfeier HIAG Geschl. Ges.<\/p><\/div>\n\t\t\t\t<\/div>\n\t\t\t\t\t\t\t<div class=\"elementor-accordion-item\">\n\t\t\t\t\t<div id=\"elementor-tab-title-20910\" class=\"elementor-tab-title\" data-tab=\"10\" role=\"button\" aria-controls=\"elementor-tab-content-20910\" aria-expanded=\"false\">\n\t\t\t\t\t\t\t\t\t\t\t\t\t<span class=\"elementor-accordion-icon elementor-accordion-icon-left\" aria-hidden=\"true\">\n\t\t\t\t\t\t\t\t\t\t\t\t\t\t\t<span class=\"elementor-accordion-icon-closed\"><i class=\"fas fa-plus\"><\/i><\/span>\n\t\t\t\t\t\t\t\t<span class=\"elementor-accordion-icon-opened\"><i class=\"fas fa-minus\"><\/i><\/span>\n\t\t\t\t\t\t\t\t\t\t\t\t\t\t<\/span>\n\t\t\t\t\t\t\t\t\t\t\t\t<a class=\"elementor-accordion-title\" tabindex=\"0\">2012<\/a>\n\t\t\t\t\t<\/div>\n\t\t\t\t\t<div id=\"elementor-tab-content-20910\" class=\"elementor-tab-content elementor-clearfix\" data-tab=\"10\" role=\"region\" aria-labelledby=\"elementor-tab-title-20910\"><p><strong>21.01.2012<\/strong> 17.00 Klassenkonzert Salve Regina-Leonardo Leo mit Kammerensemble Klassik<\/p><p><strong>22.01.2012<\/strong> Konzert Schloss Altikon Spanische Romanzen Klassik<\/p><p><strong>24.01.2012<\/strong> Privat, Geburtstag Willi Jodel<\/p><p><strong>27.01.2012<\/strong> Privat, Beerdigung Jda<\/p><p><strong>09.02.2012<\/strong> Privat, Geburtstag<\/p><p><strong>12.02.2012<\/strong> 09.30, Kirche Benken ZH, Gottesdienst, Pop mit Orgel<\/p><p><strong>19.02.2012<\/strong> Stubete R\u00fcedlingen Jodel<\/p><p><strong>29.02.2012<\/strong> ab 19.00 Stubete Gutenswil, Jodel<\/p><p><strong>04.03.2012<\/strong> 17:00 Konzert AlpenXang,Triboltingen Seestr.4<\/p><p><strong>16.03.2012<\/strong> 20.00 Konzert AlpenXang, Schlosssaal Andelfingen von Jodel bis alpenl\u00e4ndisch inspirierte CH-Klassikhits<\/p><p><strong>25.03.2012<\/strong> 15.45 Serenade Altersheim Sattelbogen Bischofszell<\/p><p><strong>14.04.2012<\/strong> Stubete Altersheim Marthalen ab 14:30 mit Gitta<\/p><p><strong>19.04.2012<\/strong> 19.30 \u201eWasserspiele\u201c Romantisches Klassik-Konzert Greuterhof Islikon, Sopran, Fl\u00f6te, Klavier<\/p><p><strong>20.04.2012<\/strong> Geburtstagsfest Unteryberg<\/p><p><strong>12.05.2012<\/strong> ab. 10.00 Uhr \u2013 18.00 Schreinertag Robert Fehr AG, diverse Auftritte mit Stubete<\/p><p><strong>09.06.2012<\/strong> Plaffeien Pfarrkirche Jodlerfest WSJV<\/p><p><strong>01.08.2012<\/strong> ab 19.00 Bundesfeier Plaffeien FR. Solojodel- und Volkslieder mit Begleitung<\/p><p><strong>14.10.2012<\/strong> 9.30 Erntedankgottesdienst Evangelische Kirche Benken ZH<\/p><p><strong>21.10.2012<\/strong> 15.00 Alters- &amp; Pflegeheim Dorfstr. 13 9125 Brunnadern<\/p><p><strong>08.11.2012<\/strong> 20.00 Klassisches Vortragskonzert, Konservatorium W\u2019thur T\u00f6ssertobelstrasse 1 Winterthur<\/p><p><strong>09.12.2012<\/strong> 16.00 Adventkonzert evang. Kirche Gachnang<\/p><p><strong>24.12.2012<\/strong> 22.00 Heiligabendgottesdienst Rickenbach\/Winterthur<\/p><p><strong>Spontane Stubete Auftritte<\/strong><\/p><\/div>\n\t\t\t\t<\/div>\n\t\t\t\t\t\t\t<div class=\"elementor-accordion-item\">\n\t\t\t\t\t<div id=\"elementor-tab-title-20911\" class=\"elementor-tab-title\" data-tab=\"11\" role=\"button\" aria-controls=\"elementor-tab-content-20911\" aria-expanded=\"false\">\n\t\t\t\t\t\t\t\t\t\t\t\t\t<span class=\"elementor-accordion-icon elementor-accordion-icon-left\" aria-hidden=\"true\">\n\t\t\t\t\t\t\t\t\t\t\t\t\t\t\t<span class=\"elementor-accordion-icon-closed\"><i class=\"fas fa-plus\"><\/i><\/span>\n\t\t\t\t\t\t\t\t<span class=\"elementor-accordion-icon-opened\"><i class=\"fas fa-minus\"><\/i><\/span>\n\t\t\t\t\t\t\t\t\t\t\t\t\t\t<\/span>\n\t\t\t\t\t\t\t\t\t\t\t\t<a class=\"elementor-accordion-title\" tabindex=\"0\">2011<\/a>\n\t\t\t\t\t<\/div>\n\t\t\t\t\t<div id=\"elementor-tab-content-20911\" class=\"elementor-tab-content elementor-clearfix\" data-tab=\"11\" role=\"region\" aria-labelledby=\"elementor-tab-title-20911\"><p><strong>30.10.2011<\/strong> Stubete VSV Schlatt<\/p><p><strong>11.11.2011<\/strong> Stubete Babental mit LT Berglergm\u00fcet<\/p><p><strong>23.11.2011<\/strong> 20.00 Uhr Radio Munot Schaffhausen Interview<\/p><p><strong>25.11.2011<\/strong> Stubete Adler Herisau<\/p><p><strong>24.12.2011<\/strong> 18.00 Uhr Evang. Kirche Gachnang mit Jugendchor<\/p><p><strong>24.12.2011<\/strong> Solistin 22.00 Uhr evang. Kirche Andelfingen<\/p><p><strong>25.12.2011<\/strong> Solistin Messe 10.00 Uhr kath. Kirche Gachnang<\/p><\/div>\n\t\t\t\t<\/div>\n\t\t\t\t\t\t\t\t<\/div>\n\t\t\t\t<\/div>\n\t\t\t\t<\/div>\n\t\t\t\t\t<\/div>\n\t\t<\/div>\n\t\t\t\t\t<\/div>\n\t\t<\/section>\n\t\t\t\t<section class=\"elementor-section elementor-top-section elementor-element elementor-element-62e304b elementor-section-boxed elementor-section-height-default elementor-section-height-default\" data-id=\"62e304b\" data-element_type=\"section\" data-settings=\"{&quot;background_background&quot;:&quot;classic&quot;}\">\n\t\t\t\t\t\t<div class=\"elementor-container elementor-column-gap-default\">\n\t\t\t\t\t<div class=\"elementor-column elementor-col-100 elementor-top-column elementor-element elementor-element-94c0aa3\" data-id=\"94c0aa3\" data-element_type=\"column\">\n\t\t\t<div class=\"elementor-widget-wrap elementor-element-populated\">\n\t\t\t\t\t\t<div class=\"elementor-element elementor-element-b9fbe63 elementor-widget elementor-widget-spacer\" data-id=\"b9fbe63\" data-element_type=\"widget\" data-widget_type=\"spacer.default\">\n\t\t\t\t<div class=\"elementor-widget-container\">\n\t\t\t\t\t<div class=\"elementor-spacer\">\n\t\t\t<div class=\"elementor-spacer-inner\"><\/div>\n\t\t<\/div>\n\t\t\t\t<\/div>\n\t\t\t\t<\/div>\n\t\t\t\t<div class=\"elementor-element elementor-element-b65707b elementor-widget elementor-widget-text-editor\" data-id=\"b65707b\" data-element_type=\"widget\" data-widget_type=\"text-editor.default\">\n\t\t\t\t<div class=\"elementor-widget-container\">\n\t\t\t\t\t\t\t<p>Margarita Moery Fehr &#8211; Thurtalstrasse 34f &#8211; CH-8450 Andelfingen &#8211; <a href=\"mailto:vocal@gitta-m.ch\" target=\"_blank\" rel=\"noopener\">Email<\/a><\/p>\t\t\t\t\t\t<\/div>\n\t\t\t\t<\/div>\n\t\t\t\t\t<\/div>\n\t\t<\/div>\n\t\t\t\t\t<\/div>\n\t\t<\/section>\n\t\t\t\t<\/div>\n\t\t","protected":false},"excerpt":{"rendered":"<p>Kontaktdaten Management Gitta: Margarita Moery Fehr Thurtalstrasse 34f 8450 Andelfingen Fixnet: 052 305 14 24 Mobile: 079 612 76 39 vocal@gitta-m.ch Website M.Moeri Termine Culte a l\u2019\u00e9glise reform\u00e9e du Jura \u201cTemple\u201d Del\u00e9mont25.8.2024 10:0 h\u00a0La Group Yodleuse \u00abAlpenXang\u00bb de Gitta Moeri 29.10.2023 19.30 h Abendgottesdienst Gerlikon \/ Frauenfeld Jodelterzett 03.09.2023\u00a011:00h Gottesdienst La Jocotterie, Undervelier, JU 05.03.2023\u00a015:00 &hellip; <a href=\"https:\/\/gitta-m.ch\/neu\/auftritte\/\" class=\"more-link\"><span class=\"screen-reader-text\">&#8220;Auftritte&#8221; <\/span>weiterlesen<\/a><\/p>\n","protected":false},"author":1,"featured_media":0,"parent":0,"menu_order":0,"comment_status":"closed","ping_status":"closed","template":"elementor_canvas","meta":{"footnotes":""},"class_list":["post-363","page","type-page","status-publish","hentry"],"_links":{"self":[{"href":"https:\/\/gitta-m.ch\/neu\/wp-json\/wp\/v2\/pages\/363","targetHints":{"allow":["GET"]}}],"collection":[{"href":"https:\/\/gitta-m.ch\/neu\/wp-json\/wp\/v2\/pages"}],"about":[{"href":"https:\/\/gitta-m.ch\/neu\/wp-json\/wp\/v2\/types\/page"}],"author":[{"embeddable":true,"href":"https:\/\/gitta-m.ch\/neu\/wp-json\/wp\/v2\/users\/1"}],"replies":[{"embeddable":true,"href":"https:\/\/gitta-m.ch\/neu\/wp-json\/wp\/v2\/comments?post=363"}],"version-history":[{"count":47,"href":"https:\/\/gitta-m.ch\/neu\/wp-json\/wp\/v2\/pages\/363\/revisions"}],"predecessor-version":[{"id":1145,"href":"https:\/\/gitta-m.ch\/neu\/wp-json\/wp\/v2\/pages\/363\/revisions\/1145"}],"wp:attachment":[{"href":"https:\/\/gitta-m.ch\/neu\/wp-json\/wp\/v2\/media?parent=363"}],"curies":[{"name":"wp","href":"https:\/\/api.w.org\/{rel}","templated":true}]}}