{"id":413,"date":"2018-09-05T16:02:58","date_gmt":"2018-09-05T16:02:58","guid":{"rendered":"http:\/\/gitta-m.ch\/neu\/?page_id=413"},"modified":"2020-04-25T20:08:17","modified_gmt":"2020-04-25T18:08:17","slug":"portrait","status":"publish","type":"page","link":"https:\/\/gitta-m.ch\/neu\/portrait\/","title":{"rendered":"Portrait"},"content":{"rendered":"\t\t<div data-elementor-type=\"wp-post\" data-elementor-id=\"413\" class=\"elementor elementor-413 elementor-bc-flex-widget\" data-elementor-post-type=\"page\">\n\t\t\t\t\t\t<section class=\"elementor-section elementor-top-section elementor-element elementor-element-29e6908e elementor-section-stretched elementor-section-content-top elementor-section-boxed elementor-section-height-default elementor-section-height-default\" data-id=\"29e6908e\" data-element_type=\"section\" data-settings=\"{&quot;stretch_section&quot;:&quot;section-stretched&quot;,&quot;background_background&quot;:&quot;gradient&quot;}\">\n\t\t\t\t\t\t\t<div class=\"elementor-background-overlay\"><\/div>\n\t\t\t\t\t\t\t<div class=\"elementor-container elementor-column-gap-default\">\n\t\t\t\t\t<div class=\"elementor-column elementor-col-100 elementor-top-column elementor-element elementor-element-608158d4\" data-id=\"608158d4\" data-element_type=\"column\" data-settings=\"{&quot;background_background&quot;:&quot;classic&quot;}\">\n\t\t\t<div class=\"elementor-widget-wrap elementor-element-populated\">\n\t\t\t\t\t\t<div class=\"elementor-element elementor-element-932211a elementor-widget elementor-widget-global elementor-global-125 elementor-widget-image\" data-id=\"932211a\" data-element_type=\"widget\" data-widget_type=\"image.default\">\n\t\t\t\t<div class=\"elementor-widget-container\">\n\t\t\t\t\t\t\t\t\t\t\t\t\t<img decoding=\"async\" src=\"https:\/\/gitta-m.ch\/neu\/wp-content\/uploads\/2018\/08\/header.jpg\" title=\"header\" alt=\"header\" loading=\"lazy\" \/>\t\t\t\t\t\t\t\t\t\t\t\t\t<\/div>\n\t\t\t\t<\/div>\n\t\t\t\t\t<\/div>\n\t\t<\/div>\n\t\t\t\t\t<\/div>\n\t\t<\/section>\n\t\t\t\t<section class=\"elementor-section elementor-top-section elementor-element elementor-element-98b5e67 elementor-section-boxed elementor-section-height-default elementor-section-height-default\" data-id=\"98b5e67\" data-element_type=\"section\">\n\t\t\t\t\t\t<div class=\"elementor-container elementor-column-gap-default\">\n\t\t\t\t\t<div class=\"elementor-column elementor-col-100 elementor-top-column elementor-element elementor-element-3ff7c950\" data-id=\"3ff7c950\" data-element_type=\"column\">\n\t\t\t<div class=\"elementor-widget-wrap elementor-element-populated\">\n\t\t\t\t\t\t<div class=\"elementor-element elementor-element-2d5c7844 elementor-nav-menu--stretch elementor-nav-menu--dropdown-tablet elementor-nav-menu__text-align-aside elementor-nav-menu--toggle elementor-nav-menu--burger elementor-widget elementor-widget-nav-menu\" data-id=\"2d5c7844\" data-element_type=\"widget\" data-settings=\"{&quot;full_width&quot;:&quot;stretch&quot;,&quot;layout&quot;:&quot;horizontal&quot;,&quot;submenu_icon&quot;:{&quot;value&quot;:&quot;&lt;i class=\\&quot;fas fa-caret-down\\&quot;&gt;&lt;\\\/i&gt;&quot;,&quot;library&quot;:&quot;fa-solid&quot;},&quot;toggle&quot;:&quot;burger&quot;}\" data-widget_type=\"nav-menu.default\">\n\t\t\t\t<div class=\"elementor-widget-container\">\n\t\t\t\t\t\t<nav class=\"elementor-nav-menu--main elementor-nav-menu__container elementor-nav-menu--layout-horizontal e--pointer-background e--animation-fade\">\n\t\t\t\t<ul id=\"menu-1-2d5c7844\" class=\"elementor-nav-menu\"><li class=\"menu-item menu-item-type-custom menu-item-object-custom menu-item-148\"><a href=\"http:\/\/www.gitta-m.ch\/neu\/\" class=\"elementor-item\">Home<\/a><\/li>\n<li class=\"menu-item menu-item-type-custom menu-item-object-custom menu-item-has-children menu-item-417\"><a href=\"https:\/\/gitta-m.ch\/neu\/portrait\" class=\"elementor-item\">Portrait<\/a>\n<ul class=\"sub-menu elementor-nav-menu--dropdown\">\n\t<li class=\"menu-item menu-item-type-post_type menu-item-object-page menu-item-744\"><a href=\"https:\/\/gitta-m.ch\/neu\/empfehlung\/\" class=\"elementor-sub-item\">Empfehlung<\/a><\/li>\n<\/ul>\n<\/li>\n<li class=\"menu-item menu-item-type-custom menu-item-object-custom menu-item-366\"><a href=\"https:\/\/gitta-m.ch\/neu\/auftritte\/\" class=\"elementor-item\">Auftritte<\/a><\/li>\n<li class=\"menu-item menu-item-type-custom menu-item-object-custom menu-item-477\"><a href=\"https:\/\/gitta-m.ch\/neu\/diskographie\/\" class=\"elementor-item\">Diskographie<\/a><\/li>\n<li class=\"menu-item menu-item-type-custom menu-item-object-custom menu-item-480\"><a href=\"https:\/\/gitta-m.ch\/neu\/fotos\/\" class=\"elementor-item\">Fotos<\/a><\/li>\n<li class=\"menu-item menu-item-type-post_type menu-item-object-page menu-item-1126\"><a href=\"https:\/\/gitta-m.ch\/neu\/video\/\" class=\"elementor-item\">Videos<\/a><\/li>\n<li class=\"menu-item menu-item-type-custom menu-item-object-custom menu-item-427\"><a href=\"https:\/\/gitta-m.ch\/neu\/kontakt\" class=\"elementor-item\">Kontakt<\/a><\/li>\n<li class=\"menu-item menu-item-type-custom menu-item-object-custom menu-item-312\"><a href=\"https:\/\/gitta-m.ch\/neu\/links\" class=\"elementor-item\">Links und Dank<\/a><\/li>\n<\/ul>\t\t\t<\/nav>\n\t\t\t\t\t<div class=\"elementor-menu-toggle\" role=\"button\" tabindex=\"0\" aria-label=\"Menu Toggle\" aria-expanded=\"false\">\n\t\t\t<i aria-hidden=\"true\" role=\"presentation\" class=\"elementor-menu-toggle__icon--open eicon-menu-bar\"><\/i><i aria-hidden=\"true\" role=\"presentation\" class=\"elementor-menu-toggle__icon--close eicon-close\"><\/i>\t\t\t<span class=\"elementor-screen-only\">Menu<\/span>\n\t\t<\/div>\n\t\t\t\t\t<nav class=\"elementor-nav-menu--dropdown elementor-nav-menu__container\" aria-hidden=\"true\">\n\t\t\t\t<ul id=\"menu-2-2d5c7844\" class=\"elementor-nav-menu\"><li class=\"menu-item menu-item-type-custom menu-item-object-custom menu-item-148\"><a href=\"http:\/\/www.gitta-m.ch\/neu\/\" class=\"elementor-item\" tabindex=\"-1\">Home<\/a><\/li>\n<li class=\"menu-item menu-item-type-custom menu-item-object-custom menu-item-has-children menu-item-417\"><a href=\"https:\/\/gitta-m.ch\/neu\/portrait\" class=\"elementor-item\" tabindex=\"-1\">Portrait<\/a>\n<ul class=\"sub-menu elementor-nav-menu--dropdown\">\n\t<li class=\"menu-item menu-item-type-post_type menu-item-object-page menu-item-744\"><a href=\"https:\/\/gitta-m.ch\/neu\/empfehlung\/\" class=\"elementor-sub-item\" tabindex=\"-1\">Empfehlung<\/a><\/li>\n<\/ul>\n<\/li>\n<li class=\"menu-item menu-item-type-custom menu-item-object-custom menu-item-366\"><a href=\"https:\/\/gitta-m.ch\/neu\/auftritte\/\" class=\"elementor-item\" tabindex=\"-1\">Auftritte<\/a><\/li>\n<li class=\"menu-item menu-item-type-custom menu-item-object-custom menu-item-477\"><a href=\"https:\/\/gitta-m.ch\/neu\/diskographie\/\" class=\"elementor-item\" tabindex=\"-1\">Diskographie<\/a><\/li>\n<li class=\"menu-item menu-item-type-custom menu-item-object-custom menu-item-480\"><a href=\"https:\/\/gitta-m.ch\/neu\/fotos\/\" class=\"elementor-item\" tabindex=\"-1\">Fotos<\/a><\/li>\n<li class=\"menu-item menu-item-type-post_type menu-item-object-page menu-item-1126\"><a href=\"https:\/\/gitta-m.ch\/neu\/video\/\" class=\"elementor-item\" tabindex=\"-1\">Videos<\/a><\/li>\n<li class=\"menu-item menu-item-type-custom menu-item-object-custom menu-item-427\"><a href=\"https:\/\/gitta-m.ch\/neu\/kontakt\" class=\"elementor-item\" tabindex=\"-1\">Kontakt<\/a><\/li>\n<li class=\"menu-item menu-item-type-custom menu-item-object-custom menu-item-312\"><a href=\"https:\/\/gitta-m.ch\/neu\/links\" class=\"elementor-item\" tabindex=\"-1\">Links und Dank<\/a><\/li>\n<\/ul>\t\t\t<\/nav>\n\t\t\t\t<\/div>\n\t\t\t\t<\/div>\n\t\t\t\t\t<\/div>\n\t\t<\/div>\n\t\t\t\t\t<\/div>\n\t\t<\/section>\n\t\t\t\t<section class=\"elementor-section elementor-top-section elementor-element elementor-element-0501a30 elementor-section-boxed elementor-section-height-default elementor-section-height-default\" data-id=\"0501a30\" data-element_type=\"section\">\n\t\t\t\t\t\t<div class=\"elementor-container elementor-column-gap-default\">\n\t\t\t\t\t<div class=\"elementor-column elementor-col-33 elementor-top-column elementor-element elementor-element-a3a2050\" data-id=\"a3a2050\" data-element_type=\"column\" data-settings=\"{&quot;background_background&quot;:&quot;classic&quot;}\">\n\t\t\t<div class=\"elementor-widget-wrap elementor-element-populated\">\n\t\t\t\t\t\t<div class=\"elementor-element elementor-element-8d9c6f1 elementor-widget elementor-widget-global elementor-global-128 elementor-widget-text-editor\" data-id=\"8d9c6f1\" data-element_type=\"widget\" data-widget_type=\"text-editor.default\">\n\t\t\t\t<div class=\"elementor-widget-container\">\n\t\t\t\t\t\t\t<p><span class=\"fontleft\"><strong>Kontaktdaten<\/strong><br \/>Management Gitta:<br \/>Margarita Moery Fehr<br \/>Thurtalstrasse 34f<br \/>8450 Andelfingen<br \/>Fixnet: 052 305 14 24<br \/>Mobile: 079 612 76 39<br \/><a href=\"mailto:vocal@gitta-m.ch\">vocal@gitta-m.ch<\/a><br \/><a href=\"http:\/\/www.m-moeri.ch\/\" target=\"_blank\" rel=\"noopener\">Website M.Moeri<\/a><\/span><\/p><p><img decoding=\"async\" class=\"alignnone size-full wp-image-237\" src=\"https:\/\/gitta-m.ch\/neu\/wp-content\/uploads\/2018\/08\/margrittli.jpg\" alt=\"\" width=\"180\" height=\"100\" \/><\/p>\t\t\t\t\t\t<\/div>\n\t\t\t\t<\/div>\n\t\t\t\t<div class=\"elementor-element elementor-element-785877c elementor-widget elementor-widget-global elementor-global-608 elementor-widget-heading\" data-id=\"785877c\" data-element_type=\"widget\" data-widget_type=\"heading.default\">\n\t\t\t\t<div class=\"elementor-widget-container\">\n\t\t\t<h2 class=\"elementor-heading-title elementor-size-default\">Termine<\/h2>\t\t<\/div>\n\t\t\t\t<\/div>\n\t\t\t\t<div class=\"elementor-element elementor-element-585bb70 elementor-hidden-phone elementor-widget elementor-widget-global elementor-global-332 elementor-widget-text-editor\" data-id=\"585bb70\" data-element_type=\"widget\" data-widget_type=\"text-editor.default\">\n\t\t\t\t<div class=\"elementor-widget-container\">\n\t\t\t\t\t\t\t<p>Temple Del\u00e9mont<br \/><strong>24. Aout, 10:00 h<\/strong><br \/>Culte Bilingue et Musicale<br \/>Pasteur John Ebbutt<br \/>Accomp. par le Trio &#171;AlpenXang&#187;<\/p><p>Culte a l\u2019\u00e9glise reform\u00e9e du Jura \u201cTemple\u201d Del\u00e9mont<strong><br \/>25.8.2024 10:00 h <\/strong>La Group Yodleuse \u00abAlpenXang\u00bb de Gitta Moeri<\/p><p><strong>29.10.2023 19.30 h <\/strong>Abendgottesdienst Gerlikon \/ Frauenfeld Jodelterzett<\/p><p><strong>03.09.2023\u00a011:00h<\/strong> Gottesdienst La Jocotterie, Undervelier, JU<\/p><p><strong>05.03.2023<\/strong>\u00a015:00 Tag der Kranken \u00abLa Residence\u00bb Schaffhausen<\/p><p><strong>26.04.2023<\/strong>\u00a014.30h Mittwoch Geburtstagsmusik\u00a0Wohn- und Pflegezentrum Eschlikon<br \/>Bethesda Alterszentren AG, Kapellstrasse 10, 8360 Eschlikon<\/p><p><strong>\u00a0<\/strong><strong>24.12. 2021\u00a0 22.30<\/strong> Mitternachtsgottesdienst, Ellikon an der Thur, Sologesang und Orgel<\/p><p><strong>\u200b29.11.2020<\/strong> evangelische Kirche Gachnang, Gottesdienst Installation Pfrn. S. Sch\u00fctz und Pfr. D. Oestermann FrauenART<\/p><p><strong>27.09.2020<\/strong> evangelische Kirche Gachnang, Spezieller Gottesdienst Verabschiedung Christian Herrmann und Ruth Schaer, Ensemble Gachnang<\/p>\t\t\t\t\t\t<\/div>\n\t\t\t\t<\/div>\n\t\t\t\t<div class=\"elementor-element elementor-element-e2586bc elementor-hidden-tablet elementor-hidden-phone elementor-widget elementor-widget-spacer\" data-id=\"e2586bc\" data-element_type=\"widget\" data-widget_type=\"spacer.default\">\n\t\t\t\t<div class=\"elementor-widget-container\">\n\t\t\t\t\t<div class=\"elementor-spacer\">\n\t\t\t<div class=\"elementor-spacer-inner\"><\/div>\n\t\t<\/div>\n\t\t\t\t<\/div>\n\t\t\t\t<\/div>\n\t\t\t\t<div class=\"elementor-element elementor-element-843cb56 elementor-hidden-tablet elementor-hidden-phone elementor-widget elementor-widget-spacer\" data-id=\"843cb56\" data-element_type=\"widget\" data-widget_type=\"spacer.default\">\n\t\t\t\t<div class=\"elementor-widget-container\">\n\t\t\t\t\t<div class=\"elementor-spacer\">\n\t\t\t<div class=\"elementor-spacer-inner\"><\/div>\n\t\t<\/div>\n\t\t\t\t<\/div>\n\t\t\t\t<\/div>\n\t\t\t\t<div class=\"elementor-element elementor-element-92a98d8 elementor-hidden-tablet elementor-hidden-phone elementor-widget elementor-widget-spacer\" data-id=\"92a98d8\" data-element_type=\"widget\" data-widget_type=\"spacer.default\">\n\t\t\t\t<div class=\"elementor-widget-container\">\n\t\t\t\t\t<div class=\"elementor-spacer\">\n\t\t\t<div class=\"elementor-spacer-inner\"><\/div>\n\t\t<\/div>\n\t\t\t\t<\/div>\n\t\t\t\t<\/div>\n\t\t\t\t\t<\/div>\n\t\t<\/div>\n\t\t\t\t<div class=\"elementor-column elementor-col-66 elementor-top-column elementor-element elementor-element-25a3577\" data-id=\"25a3577\" data-element_type=\"column\" data-settings=\"{&quot;background_background&quot;:&quot;classic&quot;}\">\n\t\t\t<div class=\"elementor-widget-wrap elementor-element-populated\">\n\t\t\t\t\t<div class=\"elementor-background-overlay\"><\/div>\n\t\t\t\t\t\t<div class=\"elementor-element elementor-element-ae7f12e elementor-widget elementor-widget-spacer\" data-id=\"ae7f12e\" data-element_type=\"widget\" data-widget_type=\"spacer.default\">\n\t\t\t\t<div class=\"elementor-widget-container\">\n\t\t\t\t\t<div class=\"elementor-spacer\">\n\t\t\t<div class=\"elementor-spacer-inner\"><\/div>\n\t\t<\/div>\n\t\t\t\t<\/div>\n\t\t\t\t<\/div>\n\t\t\t\t<div class=\"elementor-element elementor-element-f5678cd elementor-widget elementor-widget-heading\" data-id=\"f5678cd\" data-element_type=\"widget\" data-widget_type=\"heading.default\">\n\t\t\t\t<div class=\"elementor-widget-container\">\n\t\t\t<h2 class=\"elementor-heading-title elementor-size-large\">Portrait<\/h2>\t\t<\/div>\n\t\t\t\t<\/div>\n\t\t\t\t<div class=\"elementor-element elementor-element-e3f0d43 elementor-widget elementor-widget-spacer\" data-id=\"e3f0d43\" data-element_type=\"widget\" data-widget_type=\"spacer.default\">\n\t\t\t\t<div class=\"elementor-widget-container\">\n\t\t\t\t\t<div class=\"elementor-spacer\">\n\t\t\t<div class=\"elementor-spacer-inner\"><\/div>\n\t\t<\/div>\n\t\t\t\t<\/div>\n\t\t\t\t<\/div>\n\t\t\t\t<div class=\"elementor-element elementor-element-e0a77d8 elementor-widget elementor-widget-text-editor\" data-id=\"e0a77d8\" data-element_type=\"widget\" data-widget_type=\"text-editor.default\">\n\t\t\t\t<div class=\"elementor-widget-container\">\n\t\t\t\t\t\t\tDie l\u00e4ndliche Herkunft verbindet Gitta seit fr\u00fchester Kindheit mit der Volksmusik.\nIm Thurgau, in einer Familie mit bernischer Hintergrund aufgewachsen, (Emmental-Seeland-Jura)\ngeh\u00f6rt Singen seit fr\u00fchester Kindheit zum ihrem Leben. Nach der Berufslehre folgt\nzuerst eine klassische Gesangsausbildung (s. <a href=\"http:\/\/www.m-moeri.ch\" target=\"_blank\" rel=\"noopener\">www.m-moeri.ch<\/a>). Mittel- und familienbedingt\nerstreckt sich diese \u00fcber mehrere Jahre da die Erziehung der drei T\u00f6chter stets Vorrang hat\nund dies nicht ohne Erfolg, die \u00e4lteste Tochter, Gisela St\u00e4heli (<a href=\"http:\/\/www.gisela-staeheli.ch\" target=\"_blank\" rel=\"noopener\">www.gisela-staeheli.ch<\/a>) wird Organistin.\t\t\t\t\t\t<\/div>\n\t\t\t\t<\/div>\n\t\t\t\t<section class=\"elementor-section elementor-inner-section elementor-element elementor-element-cb0cb54 elementor-section-boxed elementor-section-height-default elementor-section-height-default\" data-id=\"cb0cb54\" data-element_type=\"section\">\n\t\t\t\t\t\t<div class=\"elementor-container elementor-column-gap-default\">\n\t\t\t\t\t<div class=\"elementor-column elementor-col-50 elementor-inner-column elementor-element elementor-element-17e5b50\" data-id=\"17e5b50\" data-element_type=\"column\">\n\t\t\t<div class=\"elementor-widget-wrap elementor-element-populated\">\n\t\t\t\t\t\t<div class=\"elementor-element elementor-element-b277200 elementor-widget elementor-widget-text-editor\" data-id=\"b277200\" data-element_type=\"widget\" data-widget_type=\"text-editor.default\">\n\t\t\t\t<div class=\"elementor-widget-container\">\n\t\t\t\t\t\t\t<strong>2007<\/strong>\t\t\t\t\t\t<\/div>\n\t\t\t\t<\/div>\n\t\t\t\t\t<\/div>\n\t\t<\/div>\n\t\t\t\t<div class=\"elementor-column elementor-col-50 elementor-inner-column elementor-element elementor-element-739e908\" data-id=\"739e908\" data-element_type=\"column\">\n\t\t\t<div class=\"elementor-widget-wrap elementor-element-populated\">\n\t\t\t\t\t\t<div class=\"elementor-element elementor-element-d659603 elementor-widget elementor-widget-text-editor\" data-id=\"d659603\" data-element_type=\"widget\" data-widget_type=\"text-editor.default\">\n\t\t\t\t<div class=\"elementor-widget-container\">\n\t\t\t\t\t\t\ttritt sie dem Jodlerverband bei, lernt in Kursen des Verbands und sp\u00e4ter bei Marie Therese von Gunten jodeln und gewinnt darin echte tiefe Freude.\t\t\t\t\t\t<\/div>\n\t\t\t\t<\/div>\n\t\t\t\t\t<\/div>\n\t\t<\/div>\n\t\t\t\t\t<\/div>\n\t\t<\/section>\n\t\t\t\t<section class=\"elementor-section elementor-inner-section elementor-element elementor-element-4b69a3e elementor-section-boxed elementor-section-height-default elementor-section-height-default\" data-id=\"4b69a3e\" data-element_type=\"section\">\n\t\t\t\t\t\t<div class=\"elementor-container elementor-column-gap-default\">\n\t\t\t\t\t<div class=\"elementor-column elementor-col-50 elementor-inner-column elementor-element elementor-element-0b8ed13\" data-id=\"0b8ed13\" data-element_type=\"column\">\n\t\t\t<div class=\"elementor-widget-wrap elementor-element-populated\">\n\t\t\t\t\t\t<div class=\"elementor-element elementor-element-d147185 elementor-widget elementor-widget-text-editor\" data-id=\"d147185\" data-element_type=\"widget\" data-widget_type=\"text-editor.default\">\n\t\t\t\t<div class=\"elementor-widget-container\">\n\t\t\t\t\t\t\t<strong>2009 &amp; 10<\/strong>\t\t\t\t\t\t<\/div>\n\t\t\t\t<\/div>\n\t\t\t\t\t<\/div>\n\t\t<\/div>\n\t\t\t\t<div class=\"elementor-column elementor-col-50 elementor-inner-column elementor-element elementor-element-25e5329\" data-id=\"25e5329\" data-element_type=\"column\">\n\t\t\t<div class=\"elementor-widget-wrap elementor-element-populated\">\n\t\t\t\t\t\t<div class=\"elementor-element elementor-element-8755ada elementor-widget elementor-widget-text-editor\" data-id=\"8755ada\" data-element_type=\"widget\" data-widget_type=\"text-editor.default\">\n\t\t\t\t<div class=\"elementor-widget-container\">\n\t\t\t\t\t\t\terreicht sie an Unterverbandsfesten die Qualifikation f\u00fcr ihr erstes Eidgen\u00f6ssisches Jodlerfest 2011 in Interlaken, wo sie Bestnote entgegen nehmen kann.\t\t\t\t\t\t<\/div>\n\t\t\t\t<\/div>\n\t\t\t\t\t<\/div>\n\t\t<\/div>\n\t\t\t\t\t<\/div>\n\t\t<\/section>\n\t\t\t\t<section class=\"elementor-section elementor-inner-section elementor-element elementor-element-08214fd elementor-section-boxed elementor-section-height-default elementor-section-height-default\" data-id=\"08214fd\" data-element_type=\"section\">\n\t\t\t\t\t\t<div class=\"elementor-container elementor-column-gap-default\">\n\t\t\t\t\t<div class=\"elementor-column elementor-col-50 elementor-inner-column elementor-element elementor-element-7d9aff1\" data-id=\"7d9aff1\" data-element_type=\"column\">\n\t\t\t<div class=\"elementor-widget-wrap elementor-element-populated\">\n\t\t\t\t\t\t<div class=\"elementor-element elementor-element-9016611 elementor-widget elementor-widget-text-editor\" data-id=\"9016611\" data-element_type=\"widget\" data-widget_type=\"text-editor.default\">\n\t\t\t\t<div class=\"elementor-widget-container\">\n\t\t\t\t\t\t\t<strong>2010<\/strong>\t\t\t\t\t\t<\/div>\n\t\t\t\t<\/div>\n\t\t\t\t\t<\/div>\n\t\t<\/div>\n\t\t\t\t<div class=\"elementor-column elementor-col-50 elementor-inner-column elementor-element elementor-element-64e66ab\" data-id=\"64e66ab\" data-element_type=\"column\">\n\t\t\t<div class=\"elementor-widget-wrap elementor-element-populated\">\n\t\t\t\t\t\t<div class=\"elementor-element elementor-element-85b9970 elementor-widget elementor-widget-text-editor\" data-id=\"85b9970\" data-element_type=\"widget\" data-widget_type=\"text-editor.default\">\n\t\t\t\t<div class=\"elementor-widget-container\">\n\t\t\t\t\t\t\tw\u00e4chst das Vertrauen selber Musik aufzuschreiben. Sie widmet das erste Lied, Mys L\u00e4ndli, dem Heimatkanton THURGAU und erreicht\t\t\t\t\t\t<\/div>\n\t\t\t\t<\/div>\n\t\t\t\t\t<\/div>\n\t\t<\/div>\n\t\t\t\t\t<\/div>\n\t\t<\/section>\n\t\t\t\t<section class=\"elementor-section elementor-inner-section elementor-element elementor-element-cd7a4c1 elementor-section-boxed elementor-section-height-default elementor-section-height-default\" data-id=\"cd7a4c1\" data-element_type=\"section\">\n\t\t\t\t\t\t<div class=\"elementor-container elementor-column-gap-default\">\n\t\t\t\t\t<div class=\"elementor-column elementor-col-50 elementor-inner-column elementor-element elementor-element-7846123\" data-id=\"7846123\" data-element_type=\"column\">\n\t\t\t<div class=\"elementor-widget-wrap elementor-element-populated\">\n\t\t\t\t\t\t<div class=\"elementor-element elementor-element-b1d2072 elementor-widget elementor-widget-text-editor\" data-id=\"b1d2072\" data-element_type=\"widget\" data-widget_type=\"text-editor.default\">\n\t\t\t\t<div class=\"elementor-widget-container\">\n\t\t\t\t\t\t\t<strong>2011<\/strong>\t\t\t\t\t\t<\/div>\n\t\t\t\t<\/div>\n\t\t\t\t\t<\/div>\n\t\t<\/div>\n\t\t\t\t<div class=\"elementor-column elementor-col-50 elementor-inner-column elementor-element elementor-element-577e842\" data-id=\"577e842\" data-element_type=\"column\">\n\t\t\t<div class=\"elementor-widget-wrap elementor-element-populated\">\n\t\t\t\t\t\t<div class=\"elementor-element elementor-element-6157a8f elementor-widget elementor-widget-text-editor\" data-id=\"6157a8f\" data-element_type=\"widget\" data-widget_type=\"text-editor.default\">\n\t\t\t\t<div class=\"elementor-widget-container\">\n\t\t\t\t\t\t\tdamit das Finale des internationalen Alpen Grand Prix der Volksmusik in Meran.\t\t\t\t\t\t<\/div>\n\t\t\t\t<\/div>\n\t\t\t\t\t<\/div>\n\t\t<\/div>\n\t\t\t\t\t<\/div>\n\t\t<\/section>\n\t\t\t\t<section class=\"elementor-section elementor-inner-section elementor-element elementor-element-3a96abe elementor-section-boxed elementor-section-height-default elementor-section-height-default\" data-id=\"3a96abe\" data-element_type=\"section\">\n\t\t\t\t\t\t<div class=\"elementor-container elementor-column-gap-default\">\n\t\t\t\t\t<div class=\"elementor-column elementor-col-50 elementor-inner-column elementor-element elementor-element-6a617d1\" data-id=\"6a617d1\" data-element_type=\"column\">\n\t\t\t<div class=\"elementor-widget-wrap elementor-element-populated\">\n\t\t\t\t\t\t<div class=\"elementor-element elementor-element-622b3f6 elementor-widget elementor-widget-text-editor\" data-id=\"622b3f6\" data-element_type=\"widget\" data-widget_type=\"text-editor.default\">\n\t\t\t\t<div class=\"elementor-widget-container\">\n\t\t\t\t\t\t\t<strong>2012 &amp; 13<\/strong>\t\t\t\t\t\t<\/div>\n\t\t\t\t<\/div>\n\t\t\t\t\t<\/div>\n\t\t<\/div>\n\t\t\t\t<div class=\"elementor-column elementor-col-50 elementor-inner-column elementor-element elementor-element-66b1571\" data-id=\"66b1571\" data-element_type=\"column\">\n\t\t\t<div class=\"elementor-widget-wrap elementor-element-populated\">\n\t\t\t\t\t\t<div class=\"elementor-element elementor-element-9585b25 elementor-widget elementor-widget-text-editor\" data-id=\"9585b25\" data-element_type=\"widget\" data-widget_type=\"text-editor.default\">\n\t\t\t\t<div class=\"elementor-widget-container\">\n\t\t\t\t\t\t\tnimmt sie an weiteren Unterverbandsfesten teil.\t\t\t\t\t\t<\/div>\n\t\t\t\t<\/div>\n\t\t\t\t\t<\/div>\n\t\t<\/div>\n\t\t\t\t\t<\/div>\n\t\t<\/section>\n\t\t\t\t<section class=\"elementor-section elementor-inner-section elementor-element elementor-element-4db423b elementor-section-boxed elementor-section-height-default elementor-section-height-default\" data-id=\"4db423b\" data-element_type=\"section\">\n\t\t\t\t\t\t<div class=\"elementor-container elementor-column-gap-default\">\n\t\t\t\t\t<div class=\"elementor-column elementor-col-50 elementor-inner-column elementor-element elementor-element-16134bb\" data-id=\"16134bb\" data-element_type=\"column\">\n\t\t\t<div class=\"elementor-widget-wrap elementor-element-populated\">\n\t\t\t\t\t\t<div class=\"elementor-element elementor-element-a998599 elementor-widget elementor-widget-text-editor\" data-id=\"a998599\" data-element_type=\"widget\" data-widget_type=\"text-editor.default\">\n\t\t\t\t<div class=\"elementor-widget-container\">\n\t\t\t\t\t\t\t<strong>2014<\/strong>\t\t\t\t\t\t<\/div>\n\t\t\t\t<\/div>\n\t\t\t\t\t<\/div>\n\t\t<\/div>\n\t\t\t\t<div class=\"elementor-column elementor-col-50 elementor-inner-column elementor-element elementor-element-7471f1e\" data-id=\"7471f1e\" data-element_type=\"column\">\n\t\t\t<div class=\"elementor-widget-wrap elementor-element-populated\">\n\t\t\t\t\t\t<div class=\"elementor-element elementor-element-027ff6a elementor-widget elementor-widget-text-editor\" data-id=\"027ff6a\" data-element_type=\"widget\" data-widget_type=\"text-editor.default\">\n\t\t\t\t<div class=\"elementor-widget-container\">\n\t\t\t\t\t\t\terreicht sie an Unterverbandsfesten die Qualifikation f\u00fcr ihr erstes Eidgen\u00f6ssisches Jodlerfest 2011 in Interlaken, wo sie Bestnote entgegen nehmen kann.\t\t\t\t\t\t<\/div>\n\t\t\t\t<\/div>\n\t\t\t\t\t<\/div>\n\t\t<\/div>\n\t\t\t\t\t<\/div>\n\t\t<\/section>\n\t\t\t\t<section class=\"elementor-section elementor-inner-section elementor-element elementor-element-0cd0b9a elementor-section-boxed elementor-section-height-default elementor-section-height-default\" data-id=\"0cd0b9a\" data-element_type=\"section\">\n\t\t\t\t\t\t<div class=\"elementor-container elementor-column-gap-default\">\n\t\t\t\t\t<div class=\"elementor-column elementor-col-50 elementor-inner-column elementor-element elementor-element-48187fb\" data-id=\"48187fb\" data-element_type=\"column\">\n\t\t\t<div class=\"elementor-widget-wrap elementor-element-populated\">\n\t\t\t\t\t\t<div class=\"elementor-element elementor-element-6a69d05 elementor-widget elementor-widget-text-editor\" data-id=\"6a69d05\" data-element_type=\"widget\" data-widget_type=\"text-editor.default\">\n\t\t\t\t<div class=\"elementor-widget-container\">\n\t\t\t\t\t\t\t<strong>2015 &amp; 16<\/strong>\t\t\t\t\t\t<\/div>\n\t\t\t\t<\/div>\n\t\t\t\t\t<\/div>\n\t\t<\/div>\n\t\t\t\t<div class=\"elementor-column elementor-col-50 elementor-inner-column elementor-element elementor-element-18b8502\" data-id=\"18b8502\" data-element_type=\"column\">\n\t\t\t<div class=\"elementor-widget-wrap elementor-element-populated\">\n\t\t\t\t\t\t<div class=\"elementor-element elementor-element-9537e89 elementor-widget elementor-widget-text-editor\" data-id=\"9537e89\" data-element_type=\"widget\" data-widget_type=\"text-editor.default\">\n\t\t\t\t<div class=\"elementor-widget-container\">\n\t\t\t\t\t\t\tgibt es 3 x Bestnoten. Sie singt \u00abMys L\u00e4ndli\u00bb bei den freien Vortr\u00e4gen mit so grossem Erfolg, dass das Publikum um Wiederholung bittet.\t\t\t\t\t\t<\/div>\n\t\t\t\t<\/div>\n\t\t\t\t\t<\/div>\n\t\t<\/div>\n\t\t\t\t\t<\/div>\n\t\t<\/section>\n\t\t\t\t<section class=\"elementor-section elementor-inner-section elementor-element elementor-element-3282284 elementor-section-boxed elementor-section-height-default elementor-section-height-default\" data-id=\"3282284\" data-element_type=\"section\">\n\t\t\t\t\t\t<div class=\"elementor-container elementor-column-gap-default\">\n\t\t\t\t\t<div class=\"elementor-column elementor-col-50 elementor-inner-column elementor-element elementor-element-21fad1b\" data-id=\"21fad1b\" data-element_type=\"column\">\n\t\t\t<div class=\"elementor-widget-wrap elementor-element-populated\">\n\t\t\t\t\t\t<div class=\"elementor-element elementor-element-13a363f elementor-widget elementor-widget-text-editor\" data-id=\"13a363f\" data-element_type=\"widget\" data-widget_type=\"text-editor.default\">\n\t\t\t\t<div class=\"elementor-widget-container\">\n\t\t\t\t\t\t\t<strong>2017<\/strong>\t\t\t\t\t\t<\/div>\n\t\t\t\t<\/div>\n\t\t\t\t\t<\/div>\n\t\t<\/div>\n\t\t\t\t<div class=\"elementor-column elementor-col-50 elementor-inner-column elementor-element elementor-element-4b78d14\" data-id=\"4b78d14\" data-element_type=\"column\">\n\t\t\t<div class=\"elementor-widget-wrap elementor-element-populated\">\n\t\t\t\t\t\t<div class=\"elementor-element elementor-element-3701954 elementor-widget elementor-widget-text-editor\" data-id=\"3701954\" data-element_type=\"widget\" data-widget_type=\"text-editor.default\">\n\t\t\t\t<div class=\"elementor-widget-container\">\n\t\t\t\t\t\t\tverpasst sie in Brig mit einem guten Vortrag die Bestnote um 1 Punkt, singt allerdings bei den freien Vortr\u00e4gen ein eigenes Lied \u00abWenn aus meine Bergen\u00bb und \u00abLe petit Ch\u00e8vrier\u00bb von Gustav Doret.\t\t\t\t\t\t<\/div>\n\t\t\t\t<\/div>\n\t\t\t\t\t<\/div>\n\t\t<\/div>\n\t\t\t\t\t<\/div>\n\t\t<\/section>\n\t\t\t\t<div class=\"elementor-element elementor-element-3f4f367 elementor-widget elementor-widget-wp-widget-media_audio\" data-id=\"3f4f367\" data-element_type=\"widget\" data-widget_type=\"wp-widget-media_audio.default\">\n\t\t\t\t<div class=\"elementor-widget-container\">\n\t\t\t<h5>Wenn aus meine Bergen<\/h5><audio class=\"wp-audio-shortcode\" id=\"audio-413-1\" preload=\"none\" style=\"width: 100%;\" controls=\"controls\"><source type=\"audio\/mpeg\" src=\"https:\/\/gitta-m.ch\/neu\/wp-content\/uploads\/2018\/10\/wenn_aus_meinen_bergen.mp3?_=1\" \/><source type=\"audio\/mpeg\" src=\"http:\/\/gitta-m.ch\/neu\/wp-content\/uploads\/2018\/10\/wenn_aus_meinen_bergen.mp3?_=1\" \/><a href=\"https:\/\/gitta-m.ch\/neu\/wp-content\/uploads\/2018\/10\/wenn_aus_meinen_bergen.mp3\">https:\/\/gitta-m.ch\/neu\/wp-content\/uploads\/2018\/10\/wenn_aus_meinen_bergen.mp3<\/a><\/audio>\t\t<\/div>\n\t\t\t\t<\/div>\n\t\t\t\t<section class=\"elementor-section elementor-inner-section elementor-element elementor-element-73d77e5 elementor-section-boxed elementor-section-height-default elementor-section-height-default\" data-id=\"73d77e5\" data-element_type=\"section\">\n\t\t\t\t\t\t<div class=\"elementor-container elementor-column-gap-default\">\n\t\t\t\t\t<div class=\"elementor-column elementor-col-50 elementor-inner-column elementor-element elementor-element-2ff7efc\" data-id=\"2ff7efc\" data-element_type=\"column\">\n\t\t\t<div class=\"elementor-widget-wrap elementor-element-populated\">\n\t\t\t\t\t\t<div class=\"elementor-element elementor-element-f59424a elementor-widget elementor-widget-text-editor\" data-id=\"f59424a\" data-element_type=\"widget\" data-widget_type=\"text-editor.default\">\n\t\t\t\t<div class=\"elementor-widget-container\">\n\t\t\t\t\t\t\t<strong>2018<\/strong>\t\t\t\t\t\t<\/div>\n\t\t\t\t<\/div>\n\t\t\t\t\t<\/div>\n\t\t<\/div>\n\t\t\t\t<div class=\"elementor-column elementor-col-50 elementor-inner-column elementor-element elementor-element-adcd4b5\" data-id=\"adcd4b5\" data-element_type=\"column\">\n\t\t\t<div class=\"elementor-widget-wrap elementor-element-populated\">\n\t\t\t\t\t\t<div class=\"elementor-element elementor-element-e313d7c elementor-widget elementor-widget-text-editor\" data-id=\"e313d7c\" data-element_type=\"widget\" data-widget_type=\"text-editor.default\">\n\t\t\t\t<div class=\"elementor-widget-container\">\n\t\t\t\t\t\t\tBestnote um 0.5 Punkte verpasst in Sch\u00f6tz mit dem eigenen Lied. Vergrippt l\u00e4sst die Infektion im Hals sie den Kehlkopfschlag nur schwer ausf\u00fchren und die Bruststimme klingt nicht wie gew\u00fcnscht. Das Lied \u00abVor em S\u00e4ntis\u00bb entsteht im Herbst 2016 in B\u00fcren TG wie der S\u00e4ntis in \u00fcberw\u00e4ltigendem Abendrot leuchtet.\t\t\t\t\t\t<\/div>\n\t\t\t\t<\/div>\n\t\t\t\t\t<\/div>\n\t\t<\/div>\n\t\t\t\t\t<\/div>\n\t\t<\/section>\n\t\t\t\t<div class=\"elementor-element elementor-element-210522b elementor-widget elementor-widget-wp-widget-media_audio\" data-id=\"210522b\" data-element_type=\"widget\" data-widget_type=\"wp-widget-media_audio.default\">\n\t\t\t\t<div class=\"elementor-widget-container\">\n\t\t\t<h5>Vor em S\u00e4ntis<\/h5><audio class=\"wp-audio-shortcode\" id=\"audio-413-2\" preload=\"none\" style=\"width: 100%;\" controls=\"controls\"><source type=\"audio\/mpeg\" src=\"https:\/\/gitta-m.ch\/neu\/wp-content\/uploads\/2018\/10\/Vor_em_saentis.mp3?_=2\" \/><source type=\"audio\/mpeg\" src=\"http:\/\/gitta-m.ch\/neu\/wp-content\/uploads\/2018\/10\/Vor_em_saentis.mp3?_=2\" \/><a href=\"https:\/\/gitta-m.ch\/neu\/wp-content\/uploads\/2018\/10\/Vor_em_saentis.mp3\">https:\/\/gitta-m.ch\/neu\/wp-content\/uploads\/2018\/10\/Vor_em_saentis.mp3<\/a><\/audio>\t\t<\/div>\n\t\t\t\t<\/div>\n\t\t\t\t<div class=\"elementor-element elementor-element-b2f8da6 elementor-widget elementor-widget-text-editor\" data-id=\"b2f8da6\" data-element_type=\"widget\" data-widget_type=\"text-editor.default\">\n\t\t\t\t<div class=\"elementor-widget-container\">\n\t\t\t\t\t\t\t<p>Ein grosser Stimmumfang, Beweglichkeit, Vielseitigkeit und Sprachen sind die Basis f\u00fcr das besonders umfangreiche Repertoire, das von Klassik \u00fcber Unterhaltungsmusik bis Volksmusik und Jodellieder reicht. Mit Freude pflegt sie auch deutsches und schweizerisches Volksliedergut ebenso wie alte Schweizer Schlager und ist daneben besonders an alpenl\u00e4ndisch beeinflusster Klassik interessiert.<\/p><p>Inzwischen singt sie mit Kolleginnen Duett. Im Jura ist es mit Irene Odermatt mit der sie u.a. das franz\u00f6sische Liedgut oder in der Ostschweiz kombiniert sie mit Christina Glaus Programme mit Klassik und Pop.<\/p><p>Gerne l\u00e4sst sie sich als S\u00e4ngerin und Jodlerin engagieren, oder nat\u00fcrlich kombiniert mit anderen Liedern.<\/p><p>Auf Anfrage erteilt sie Jodelunterricht.<br \/>Anmeldung unter der Mailadresse oder Telefonnummer!<\/p>\t\t\t\t\t\t<\/div>\n\t\t\t\t<\/div>\n\t\t\t\t<div class=\"elementor-element elementor-element-ecae5f9 elementor-widget elementor-widget-spacer\" data-id=\"ecae5f9\" data-element_type=\"widget\" data-widget_type=\"spacer.default\">\n\t\t\t\t<div class=\"elementor-widget-container\">\n\t\t\t\t\t<div class=\"elementor-spacer\">\n\t\t\t<div class=\"elementor-spacer-inner\"><\/div>\n\t\t<\/div>\n\t\t\t\t<\/div>\n\t\t\t\t<\/div>\n\t\t\t\t<div class=\"elementor-element elementor-element-e93f79a elementor-widget elementor-widget-heading\" data-id=\"e93f79a\" data-element_type=\"widget\" data-widget_type=\"heading.default\">\n\t\t\t\t<div class=\"elementor-widget-container\">\n\t\t\t<h2 class=\"elementor-heading-title elementor-size-large\">Formationen<\/h2>\t\t<\/div>\n\t\t\t\t<\/div>\n\t\t\t\t<div class=\"elementor-element elementor-element-0e80b7f elementor-widget elementor-widget-spacer\" data-id=\"0e80b7f\" data-element_type=\"widget\" data-widget_type=\"spacer.default\">\n\t\t\t\t<div class=\"elementor-widget-container\">\n\t\t\t\t\t<div class=\"elementor-spacer\">\n\t\t\t<div class=\"elementor-spacer-inner\"><\/div>\n\t\t<\/div>\n\t\t\t\t<\/div>\n\t\t\t\t<\/div>\n\t\t\t\t<div class=\"elementor-element elementor-element-1ea81ef elementor-widget elementor-widget-global elementor-global-664 elementor-widget-image-gallery\" data-id=\"1ea81ef\" data-element_type=\"widget\" data-widget_type=\"image-gallery.default\">\n\t\t\t\t<div class=\"elementor-widget-container\">\n\t\t\t\t\t<div class=\"elementor-image-gallery\">\n\t\t\t<div id='gallery-1' class='gallery galleryid-413 gallery-columns-3 gallery-size-full'><figure class='gallery-item'>\n\t\t\t<div class='gallery-icon portrait'>\n\t\t\t\t<a data-elementor-open-lightbox=\"yes\" data-elementor-lightbox-slideshow=\"1ea81ef\" data-elementor-lightbox-title=\"solo\" data-e-action-hash=\"#elementor-action%3Aaction%3Dlightbox%26settings%3DeyJpZCI6NjU1LCJ1cmwiOiJodHRwczpcL1wvZ2l0dGEtbS5jaFwvbmV1XC93cC1jb250ZW50XC91cGxvYWRzXC8yMDE4XC8xMFwvc29sby5qcGciLCJzbGlkZXNob3ciOiIxZWE4MWVmIn0%3D\" href='https:\/\/gitta-m.ch\/neu\/wp-content\/uploads\/2018\/10\/solo.jpg'><img fetchpriority=\"high\" decoding=\"async\" width=\"306\" height=\"453\" src=\"https:\/\/gitta-m.ch\/neu\/wp-content\/uploads\/2018\/10\/solo.jpg\" class=\"attachment-full size-full\" alt=\"\" aria-describedby=\"gallery-1-655\" srcset=\"https:\/\/gitta-m.ch\/neu\/wp-content\/uploads\/2018\/10\/solo.jpg 306w, https:\/\/gitta-m.ch\/neu\/wp-content\/uploads\/2018\/10\/solo-203x300.jpg 203w\" sizes=\"(max-width: 306px) 85vw, 306px\" \/><\/a>\n\t\t\t<\/div>\n\t\t\t\t<figcaption class='wp-caption-text gallery-caption' id='gallery-1-655'>\n\t\t\t\tSolo Thurgauerin M.M\u00c3\u00b6ri\n\t\t\t\t<\/figcaption><\/figure><figure class='gallery-item'>\n\t\t\t<div class='gallery-icon portrait'>\n\t\t\t\t<a data-elementor-open-lightbox=\"yes\" data-elementor-lightbox-slideshow=\"1ea81ef\" data-elementor-lightbox-title=\"odermatt\" data-e-action-hash=\"#elementor-action%3Aaction%3Dlightbox%26settings%3DeyJpZCI6NjU0LCJ1cmwiOiJodHRwczpcL1wvZ2l0dGEtbS5jaFwvbmV1XC93cC1jb250ZW50XC91cGxvYWRzXC8yMDE4XC8xMFwvb2Rlcm1hdHQuanBnIiwic2xpZGVzaG93IjoiMWVhODFlZiJ9\" href='https:\/\/gitta-m.ch\/neu\/wp-content\/uploads\/2018\/10\/odermatt.jpg'><img decoding=\"async\" width=\"327\" height=\"453\" src=\"https:\/\/gitta-m.ch\/neu\/wp-content\/uploads\/2018\/10\/odermatt.jpg\" class=\"attachment-full size-full\" alt=\"\" aria-describedby=\"gallery-1-654\" srcset=\"https:\/\/gitta-m.ch\/neu\/wp-content\/uploads\/2018\/10\/odermatt.jpg 327w, https:\/\/gitta-m.ch\/neu\/wp-content\/uploads\/2018\/10\/odermatt-217x300.jpg 217w\" sizes=\"(max-width: 327px) 85vw, 327px\" \/><\/a>\n\t\t\t<\/div>\n\t\t\t\t<figcaption class='wp-caption-text gallery-caption' id='gallery-1-654'>\n\t\t\t\tDuo Moery \/ Odermatt\n\t\t\t\t<\/figcaption><\/figure><figure class='gallery-item'>\n\t\t\t<div class='gallery-icon portrait'>\n\t\t\t\t<a data-elementor-open-lightbox=\"yes\" data-elementor-lightbox-slideshow=\"1ea81ef\" data-elementor-lightbox-title=\"glaus\" data-e-action-hash=\"#elementor-action%3Aaction%3Dlightbox%26settings%3DeyJpZCI6NjQ4LCJ1cmwiOiJodHRwczpcL1wvZ2l0dGEtbS5jaFwvbmV1XC93cC1jb250ZW50XC91cGxvYWRzXC8yMDE4XC8xMFwvZ2xhdXMuanBnIiwic2xpZGVzaG93IjoiMWVhODFlZiJ9\" href='https:\/\/gitta-m.ch\/neu\/wp-content\/uploads\/2018\/10\/glaus.jpg'><img loading=\"lazy\" decoding=\"async\" width=\"308\" height=\"453\" src=\"https:\/\/gitta-m.ch\/neu\/wp-content\/uploads\/2018\/10\/glaus.jpg\" class=\"attachment-full size-full\" alt=\"\" aria-describedby=\"gallery-1-648\" srcset=\"https:\/\/gitta-m.ch\/neu\/wp-content\/uploads\/2018\/10\/glaus.jpg 308w, https:\/\/gitta-m.ch\/neu\/wp-content\/uploads\/2018\/10\/glaus-204x300.jpg 204w\" sizes=\"(max-width: 308px) 85vw, 308px\" \/><\/a>\n\t\t\t<\/div>\n\t\t\t\t<figcaption class='wp-caption-text gallery-caption' id='gallery-1-648'>\n\t\t\t\tDuo Moery \/ Glaus\n\t\t\t\t<\/figcaption><\/figure><figure class='gallery-item'>\n\t\t\t<div class='gallery-icon portrait'>\n\t\t\t\t<a data-elementor-open-lightbox=\"yes\" data-elementor-lightbox-slideshow=\"1ea81ef\" data-elementor-lightbox-title=\"leo\" data-e-action-hash=\"#elementor-action%3Aaction%3Dlightbox%26settings%3DeyJpZCI6NjUxLCJ1cmwiOiJodHRwczpcL1wvZ2l0dGEtbS5jaFwvbmV1XC93cC1jb250ZW50XC91cGxvYWRzXC8yMDE4XC8xMFwvbGVvLmpwZyIsInNsaWRlc2hvdyI6IjFlYTgxZWYifQ%3D%3D\" href='https:\/\/gitta-m.ch\/neu\/wp-content\/uploads\/2018\/10\/leo.jpg'><img loading=\"lazy\" decoding=\"async\" width=\"325\" height=\"453\" src=\"https:\/\/gitta-m.ch\/neu\/wp-content\/uploads\/2018\/10\/leo.jpg\" class=\"attachment-full size-full\" alt=\"\" aria-describedby=\"gallery-1-651\" srcset=\"https:\/\/gitta-m.ch\/neu\/wp-content\/uploads\/2018\/10\/leo.jpg 325w, https:\/\/gitta-m.ch\/neu\/wp-content\/uploads\/2018\/10\/leo-215x300.jpg 215w\" sizes=\"(max-width: 325px) 85vw, 325px\" \/><\/a>\n\t\t\t<\/div>\n\t\t\t\t<figcaption class='wp-caption-text gallery-caption' id='gallery-1-651'>\n\t\t\t\tMit Leo Inauen\n\t\t\t\t<\/figcaption><\/figure><figure class='gallery-item'>\n\t\t\t<div class='gallery-icon portrait'>\n\t\t\t\t<a data-elementor-open-lightbox=\"yes\" data-elementor-lightbox-slideshow=\"1ea81ef\" data-elementor-lightbox-title=\"neff\" data-e-action-hash=\"#elementor-action%3Aaction%3Dlightbox%26settings%3DeyJpZCI6NjUzLCJ1cmwiOiJodHRwczpcL1wvZ2l0dGEtbS5jaFwvbmV1XC93cC1jb250ZW50XC91cGxvYWRzXC8yMDE4XC8xMFwvbmVmZi5qcGciLCJzbGlkZXNob3ciOiIxZWE4MWVmIn0%3D\" href='https:\/\/gitta-m.ch\/neu\/wp-content\/uploads\/2018\/10\/neff.jpg'><img loading=\"lazy\" decoding=\"async\" width=\"255\" height=\"453\" src=\"https:\/\/gitta-m.ch\/neu\/wp-content\/uploads\/2018\/10\/neff.jpg\" class=\"attachment-full size-full\" alt=\"\" aria-describedby=\"gallery-1-653\" srcset=\"https:\/\/gitta-m.ch\/neu\/wp-content\/uploads\/2018\/10\/neff.jpg 255w, https:\/\/gitta-m.ch\/neu\/wp-content\/uploads\/2018\/10\/neff-169x300.jpg 169w\" sizes=\"(max-width: 255px) 85vw, 255px\" \/><\/a>\n\t\t\t<\/div>\n\t\t\t\t<figcaption class='wp-caption-text gallery-caption' id='gallery-1-653'>\n\t\t\t\tMit Frowin Neff\n\t\t\t\t<\/figcaption><\/figure><figure class='gallery-item'>\n\t\t\t<div class='gallery-icon portrait'>\n\t\t\t\t<a data-elementor-open-lightbox=\"yes\" data-elementor-lightbox-slideshow=\"1ea81ef\" data-elementor-lightbox-title=\"akkordeon\" data-e-action-hash=\"#elementor-action%3Aaction%3Dlightbox%26settings%3DeyJpZCI6NjU5LCJ1cmwiOiJodHRwczpcL1wvZ2l0dGEtbS5jaFwvbmV1XC93cC1jb250ZW50XC91cGxvYWRzXC8yMDE4XC8xMFwvYWtrb3JkZW9uLmpwZyIsInNsaWRlc2hvdyI6IjFlYTgxZWYifQ%3D%3D\" href='https:\/\/gitta-m.ch\/neu\/wp-content\/uploads\/2018\/10\/akkordeon.jpg'><img loading=\"lazy\" decoding=\"async\" width=\"339\" height=\"453\" src=\"https:\/\/gitta-m.ch\/neu\/wp-content\/uploads\/2018\/10\/akkordeon.jpg\" class=\"attachment-full size-full\" alt=\"\" aria-describedby=\"gallery-1-659\" srcset=\"https:\/\/gitta-m.ch\/neu\/wp-content\/uploads\/2018\/10\/akkordeon.jpg 339w, https:\/\/gitta-m.ch\/neu\/wp-content\/uploads\/2018\/10\/akkordeon-225x300.jpg 225w\" sizes=\"(max-width: 339px) 85vw, 339px\" \/><\/a>\n\t\t\t<\/div>\n\t\t\t\t<figcaption class='wp-caption-text gallery-caption' id='gallery-1-659'>\n\t\t\t\tMit Akkordeonbegleitung\n\t\t\t\t<\/figcaption><\/figure><figure class='gallery-item'>\n\t\t\t<div class='gallery-icon landscape'>\n\t\t\t\t<a data-elementor-open-lightbox=\"yes\" data-elementor-lightbox-slideshow=\"1ea81ef\" data-elementor-lightbox-title=\"klarer\" data-e-action-hash=\"#elementor-action%3Aaction%3Dlightbox%26settings%3DeyJpZCI6NjUwLCJ1cmwiOiJodHRwczpcL1wvZ2l0dGEtbS5jaFwvbmV1XC93cC1jb250ZW50XC91cGxvYWRzXC8yMDE4XC8xMFwva2xhcmVyLmpwZyIsInNsaWRlc2hvdyI6IjFlYTgxZWYifQ%3D%3D\" href='https:\/\/gitta-m.ch\/neu\/wp-content\/uploads\/2018\/10\/klarer.jpg'><img loading=\"lazy\" decoding=\"async\" width=\"576\" height=\"453\" src=\"https:\/\/gitta-m.ch\/neu\/wp-content\/uploads\/2018\/10\/klarer.jpg\" class=\"attachment-full size-full\" alt=\"\" aria-describedby=\"gallery-1-650\" srcset=\"https:\/\/gitta-m.ch\/neu\/wp-content\/uploads\/2018\/10\/klarer.jpg 576w, https:\/\/gitta-m.ch\/neu\/wp-content\/uploads\/2018\/10\/klarer-300x236.jpg 300w\" sizes=\"(max-width: 576px) 85vw, 576px\" \/><\/a>\n\t\t\t<\/div>\n\t\t\t\t<figcaption class='wp-caption-text gallery-caption' id='gallery-1-650'>\n\t\t\t\tMit Franz Klarer\n\t\t\t\t<\/figcaption><\/figure><figure class='gallery-item'>\n\t\t\t<div class='gallery-icon portrait'>\n\t\t\t\t<a data-elementor-open-lightbox=\"yes\" data-elementor-lightbox-slideshow=\"1ea81ef\" data-elementor-lightbox-title=\"markus\" data-e-action-hash=\"#elementor-action%3Aaction%3Dlightbox%26settings%3DeyJpZCI6NjUyLCJ1cmwiOiJodHRwczpcL1wvZ2l0dGEtbS5jaFwvbmV1XC93cC1jb250ZW50XC91cGxvYWRzXC8yMDE4XC8xMFwvbWFya3VzLmpwZyIsInNsaWRlc2hvdyI6IjFlYTgxZWYifQ%3D%3D\" href='https:\/\/gitta-m.ch\/neu\/wp-content\/uploads\/2018\/10\/markus.jpg'><img loading=\"lazy\" decoding=\"async\" width=\"430\" height=\"453\" src=\"https:\/\/gitta-m.ch\/neu\/wp-content\/uploads\/2018\/10\/markus.jpg\" class=\"attachment-full size-full\" alt=\"\" aria-describedby=\"gallery-1-652\" srcset=\"https:\/\/gitta-m.ch\/neu\/wp-content\/uploads\/2018\/10\/markus.jpg 430w, https:\/\/gitta-m.ch\/neu\/wp-content\/uploads\/2018\/10\/markus-285x300.jpg 285w\" sizes=\"(max-width: 430px) 85vw, 430px\" \/><\/a>\n\t\t\t<\/div>\n\t\t\t\t<figcaption class='wp-caption-text gallery-caption' id='gallery-1-652'>\n\t\t\t\tMit Markus D\u00c3\u00bcrst\n\t\t\t\t<\/figcaption><\/figure><figure class='gallery-item'>\n\t\t\t<div class='gallery-icon landscape'>\n\t\t\t\t<a data-elementor-open-lightbox=\"yes\" data-elementor-lightbox-slideshow=\"1ea81ef\" data-elementor-lightbox-title=\"wintifaeger\" data-e-action-hash=\"#elementor-action%3Aaction%3Dlightbox%26settings%3DeyJpZCI6NjU4LCJ1cmwiOiJodHRwczpcL1wvZ2l0dGEtbS5jaFwvbmV1XC93cC1jb250ZW50XC91cGxvYWRzXC8yMDE4XC8xMFwvd2ludGlmYWVnZXIuanBnIiwic2xpZGVzaG93IjoiMWVhODFlZiJ9\" href='https:\/\/gitta-m.ch\/neu\/wp-content\/uploads\/2018\/10\/wintifaeger.jpg'><img loading=\"lazy\" decoding=\"async\" width=\"805\" height=\"453\" src=\"https:\/\/gitta-m.ch\/neu\/wp-content\/uploads\/2018\/10\/wintifaeger.jpg\" class=\"attachment-full size-full\" alt=\"\" aria-describedby=\"gallery-1-658\" srcset=\"https:\/\/gitta-m.ch\/neu\/wp-content\/uploads\/2018\/10\/wintifaeger.jpg 805w, https:\/\/gitta-m.ch\/neu\/wp-content\/uploads\/2018\/10\/wintifaeger-300x169.jpg 300w, https:\/\/gitta-m.ch\/neu\/wp-content\/uploads\/2018\/10\/wintifaeger-768x432.jpg 768w\" sizes=\"(max-width: 805px) 85vw, 805px\" \/><\/a>\n\t\t\t<\/div>\n\t\t\t\t<figcaption class='wp-caption-text gallery-caption' id='gallery-1-658'>\n\t\t\t\tMit L\u00c3\u00a4ndlerkapellen z.B. Wintif\u00c3\u00a4ger\n\t\t\t\t<\/figcaption><\/figure><figure class='gallery-item'>\n\t\t\t<div class='gallery-icon landscape'>\n\t\t\t\t<a data-elementor-open-lightbox=\"yes\" data-elementor-lightbox-slideshow=\"1ea81ef\" data-elementor-lightbox-title=\"stubete\" data-e-action-hash=\"#elementor-action%3Aaction%3Dlightbox%26settings%3DeyJpZCI6NjU2LCJ1cmwiOiJodHRwczpcL1wvZ2l0dGEtbS5jaFwvbmV1XC93cC1jb250ZW50XC91cGxvYWRzXC8yMDE4XC8xMFwvc3R1YmV0ZS5qcGciLCJzbGlkZXNob3ciOiIxZWE4MWVmIn0%3D\" href='https:\/\/gitta-m.ch\/neu\/wp-content\/uploads\/2018\/10\/stubete.jpg'><img loading=\"lazy\" decoding=\"async\" width=\"805\" height=\"453\" src=\"https:\/\/gitta-m.ch\/neu\/wp-content\/uploads\/2018\/10\/stubete.jpg\" class=\"attachment-full size-full\" alt=\"\" aria-describedby=\"gallery-1-656\" srcset=\"https:\/\/gitta-m.ch\/neu\/wp-content\/uploads\/2018\/10\/stubete.jpg 805w, https:\/\/gitta-m.ch\/neu\/wp-content\/uploads\/2018\/10\/stubete-300x169.jpg 300w, https:\/\/gitta-m.ch\/neu\/wp-content\/uploads\/2018\/10\/stubete-768x432.jpg 768w\" sizes=\"(max-width: 805px) 85vw, 805px\" \/><\/a>\n\t\t\t<\/div>\n\t\t\t\t<figcaption class='wp-caption-text gallery-caption' id='gallery-1-656'>\n\t\t\t\tAd Hoc Stubete\n\t\t\t\t<\/figcaption><\/figure><figure class='gallery-item'>\n\t\t\t<div class='gallery-icon landscape'>\n\t\t\t\t<a data-elementor-open-lightbox=\"yes\" data-elementor-lightbox-slideshow=\"1ea81ef\" data-elementor-lightbox-title=\"wildbach\" data-e-action-hash=\"#elementor-action%3Aaction%3Dlightbox%26settings%3DeyJpZCI6NjU3LCJ1cmwiOiJodHRwczpcL1wvZ2l0dGEtbS5jaFwvbmV1XC93cC1jb250ZW50XC91cGxvYWRzXC8yMDE4XC8xMFwvd2lsZGJhY2guanBnIiwic2xpZGVzaG93IjoiMWVhODFlZiJ9\" href='https:\/\/gitta-m.ch\/neu\/wp-content\/uploads\/2018\/10\/wildbach.jpg'><img loading=\"lazy\" decoding=\"async\" width=\"604\" height=\"453\" src=\"https:\/\/gitta-m.ch\/neu\/wp-content\/uploads\/2018\/10\/wildbach.jpg\" class=\"attachment-full size-full\" alt=\"\" aria-describedby=\"gallery-1-657\" srcset=\"https:\/\/gitta-m.ch\/neu\/wp-content\/uploads\/2018\/10\/wildbach.jpg 604w, https:\/\/gitta-m.ch\/neu\/wp-content\/uploads\/2018\/10\/wildbach-300x225.jpg 300w\" sizes=\"(max-width: 604px) 85vw, 604px\" \/><\/a>\n\t\t\t<\/div>\n\t\t\t\t<figcaption class='wp-caption-text gallery-caption' id='gallery-1-657'>\n\t\t\t\tIm Wildbach\n\t\t\t\t<\/figcaption><\/figure><figure class='gallery-item'>\n\t\t\t<div class='gallery-icon landscape'>\n\t\t\t\t<a data-elementor-open-lightbox=\"yes\" data-elementor-lightbox-slideshow=\"1ea81ef\" data-elementor-lightbox-title=\"ensemle\" data-e-action-hash=\"#elementor-action%3Aaction%3Dlightbox%26settings%3DeyJpZCI6NjQ3LCJ1cmwiOiJodHRwczpcL1wvZ2l0dGEtbS5jaFwvbmV1XC93cC1jb250ZW50XC91cGxvYWRzXC8yMDE4XC8xMFwvZW5zZW1sZS5qcGciLCJzbGlkZXNob3ciOiIxZWE4MWVmIn0%3D\" href='https:\/\/gitta-m.ch\/neu\/wp-content\/uploads\/2018\/10\/ensemle.jpg'><img loading=\"lazy\" decoding=\"async\" width=\"692\" height=\"453\" src=\"https:\/\/gitta-m.ch\/neu\/wp-content\/uploads\/2018\/10\/ensemle.jpg\" class=\"attachment-full size-full\" alt=\"\" aria-describedby=\"gallery-1-647\" srcset=\"https:\/\/gitta-m.ch\/neu\/wp-content\/uploads\/2018\/10\/ensemle.jpg 692w, https:\/\/gitta-m.ch\/neu\/wp-content\/uploads\/2018\/10\/ensemle-300x196.jpg 300w\" sizes=\"(max-width: 692px) 85vw, 692px\" \/><\/a>\n\t\t\t<\/div>\n\t\t\t\t<figcaption class='wp-caption-text gallery-caption' id='gallery-1-647'>\n\t\t\t\tIm Ensemble\n\t\t\t\t<\/figcaption><\/figure>\n\t\t<\/div>\n\t\t<\/div>\n\t\t\t\t<\/div>\n\t\t\t\t<\/div>\n\t\t\t\t\t<\/div>\n\t\t<\/div>\n\t\t\t\t\t<\/div>\n\t\t<\/section>\n\t\t\t\t<section class=\"elementor-section elementor-top-section elementor-element elementor-element-62e304b elementor-section-boxed elementor-section-height-default elementor-section-height-default\" data-id=\"62e304b\" data-element_type=\"section\" data-settings=\"{&quot;background_background&quot;:&quot;classic&quot;}\">\n\t\t\t\t\t\t<div class=\"elementor-container elementor-column-gap-default\">\n\t\t\t\t\t<div class=\"elementor-column elementor-col-100 elementor-top-column elementor-element elementor-element-94c0aa3\" data-id=\"94c0aa3\" data-element_type=\"column\">\n\t\t\t<div class=\"elementor-widget-wrap elementor-element-populated\">\n\t\t\t\t\t\t<div class=\"elementor-element elementor-element-b9fbe63 elementor-widget elementor-widget-spacer\" data-id=\"b9fbe63\" data-element_type=\"widget\" data-widget_type=\"spacer.default\">\n\t\t\t\t<div class=\"elementor-widget-container\">\n\t\t\t\t\t<div class=\"elementor-spacer\">\n\t\t\t<div class=\"elementor-spacer-inner\"><\/div>\n\t\t<\/div>\n\t\t\t\t<\/div>\n\t\t\t\t<\/div>\n\t\t\t\t<div class=\"elementor-element elementor-element-b65707b elementor-widget elementor-widget-text-editor\" data-id=\"b65707b\" data-element_type=\"widget\" data-widget_type=\"text-editor.default\">\n\t\t\t\t<div class=\"elementor-widget-container\">\n\t\t\t\t\t\t\t<p>Margarita Moery Fehr &#8211; Thurtalstrasse 34f &#8211; CH-8450 Andelfingen &#8211; <a href=\"mailto:vocal@gitta-m.ch\" target=\"_blank\" rel=\"noopener\">Email<\/a><\/p>\t\t\t\t\t\t<\/div>\n\t\t\t\t<\/div>\n\t\t\t\t\t<\/div>\n\t\t<\/div>\n\t\t\t\t\t<\/div>\n\t\t<\/section>\n\t\t\t\t<\/div>\n\t\t","protected":false},"excerpt":{"rendered":"<p>Kontaktdaten Management Gitta: Margarita Moery Fehr Thurtalstrasse 34f 8450 Andelfingen Fixnet: 052 305 14 24 Mobile: 079 612 76 39 vocal@gitta-m.ch Website M.Moeri Termine 2019 05.09.2020 11:00 Jacotterie Undervelier JU 23.-26.06.2020 EJV\u00c2\u00a0 Basel 14.03.2020 15:30Senioren Regio Treff MZH Pfyn Lieder&amp;Jodel us \u00c3\u00bcsere Schuelzit, Duo Margrit&amp;HelgaAbgesagt 27.02.2020 Abdankung privat 15.01.2020 Abdankung Privat Portrait Die l\u00c3\u00a4ndliche Herkunft &hellip; <a href=\"https:\/\/gitta-m.ch\/neu\/portrait\/\" class=\"more-link\"><span class=\"screen-reader-text\">&#8220;Portrait&#8221; <\/span>weiterlesen<\/a><\/p>\n","protected":false},"author":1,"featured_media":0,"parent":0,"menu_order":0,"comment_status":"closed","ping_status":"closed","template":"elementor_canvas","meta":{"footnotes":""},"class_list":["post-413","page","type-page","status-publish","hentry"],"_links":{"self":[{"href":"https:\/\/gitta-m.ch\/neu\/wp-json\/wp\/v2\/pages\/413","targetHints":{"allow":["GET"]}}],"collection":[{"href":"https:\/\/gitta-m.ch\/neu\/wp-json\/wp\/v2\/pages"}],"about":[{"href":"https:\/\/gitta-m.ch\/neu\/wp-json\/wp\/v2\/types\/page"}],"author":[{"embeddable":true,"href":"https:\/\/gitta-m.ch\/neu\/wp-json\/wp\/v2\/users\/1"}],"replies":[{"embeddable":true,"href":"https:\/\/gitta-m.ch\/neu\/wp-json\/wp\/v2\/comments?post=413"}],"version-history":[{"count":50,"href":"https:\/\/gitta-m.ch\/neu\/wp-json\/wp\/v2\/pages\/413\/revisions"}],"predecessor-version":[{"id":935,"href":"https:\/\/gitta-m.ch\/neu\/wp-json\/wp\/v2\/pages\/413\/revisions\/935"}],"wp:attachment":[{"href":"https:\/\/gitta-m.ch\/neu\/wp-json\/wp\/v2\/media?parent=413"}],"curies":[{"name":"wp","href":"https:\/\/api.w.org\/{rel}","templated":true}]}}